{"id":11,"date":"2024-08-21T11:00:19","date_gmt":"2024-08-21T11:00:19","guid":{"rendered":"https:\/\/blaakors.no\/arbeid-og-inkludering\/?page_id=11"},"modified":"2024-10-18T11:26:22","modified_gmt":"2024-10-18T11:26:22","slug":"vare-tilbud","status":"publish","type":"page","link":"https:\/\/blaakors.no\/arbeid-og-inkludering\/vare-tilbud\/","title":{"rendered":"V\u00e5re tilbud"},"content":{"rendered":"\n<div class=\"wp-block-group alignfull has-light-beige-background-color has-background has-global-padding is-layout-constrained wp-block-group-is-layout-constrained\">\n<div style=\"height:180px\" aria-hidden=\"true\" class=\"wp-block-spacer\"><\/div>\n\n\n\n<div style=\"height:80px\" aria-hidden=\"true\" class=\"wp-block-spacer hide-mobile\"><\/div>\n\n\n\n<div class=\"wp-block-columns alignwide has-beige-background-color has-background is-layout-flex wp-container-core-columns-is-layout-2 wp-block-columns-is-layout-flex\" style=\"border-radius:15px;padding-top:0;padding-right:0;padding-bottom:0;padding-left:0\">\n<div class=\"wp-block-column is-layout-flow wp-block-column-is-layout-flow\">\n<div class=\"wp-block-columns is-layout-flex wp-container-core-columns-is-layout-1 wp-block-columns-is-layout-flex\">\n<div class=\"wp-block-column is-vertically-aligned-center is-layout-flow wp-block-column-is-layout-flow\" style=\"padding-top:var(--wp--preset--spacing--50);padding-right:var(--wp--preset--spacing--50);padding-bottom:var(--wp--preset--spacing--50);padding-left:var(--wp--preset--spacing--50)\">\n<p>V\u00e5re tilbud<\/p>\n\n\n\n<h2 class=\"wp-block-heading has-sentinel-font-family\">Bl\u00e5 Kors arbeid og inkludering er en arbeids- og inkluderingsbedrift som arrangerer arbeidsrettede tiltak i Fredrikstad og Sarpsborg p\u00e5 oppdrag fra NAV.<\/h2>\n<\/div>\n\n\n\n<div class=\"wp-block-column is-vertically-aligned-center is-layout-flow wp-block-column-is-layout-flow\">\n<div class=\"wp-block-cover image-cover-mobile\" style=\"border-top-left-radius:0px;border-top-right-radius:15px;border-bottom-left-radius:0px;border-bottom-right-radius:15px;min-height:559px;aspect-ratio:unset;\"><span aria-hidden=\"true\" class=\"wp-block-cover__background has-background-dim-0 has-background-dim\" style=\"background-color:#b8a786\"><\/span><img loading=\"lazy\" decoding=\"async\" width=\"800\" height=\"800\" class=\"wp-block-cover__image-background wp-image-1567\" alt=\"\" src=\"https:\/\/blaakors.no\/arbeid-og-inkludering\/wp-content\/uploads\/sites\/2\/2024\/08\/skeidar_1-1-1.jpg\" data-object-fit=\"cover\" srcset=\"https:\/\/blaakors.no\/arbeid-og-inkludering\/wp-content\/uploads\/sites\/2\/2024\/08\/skeidar_1-1-1.jpg 800w, https:\/\/blaakors.no\/arbeid-og-inkludering\/wp-content\/uploads\/sites\/2\/2024\/08\/skeidar_1-1-1-300x300.jpg 300w, https:\/\/blaakors.no\/arbeid-og-inkludering\/wp-content\/uploads\/sites\/2\/2024\/08\/skeidar_1-1-1-150x150.jpg 150w, https:\/\/blaakors.no\/arbeid-og-inkludering\/wp-content\/uploads\/sites\/2\/2024\/08\/skeidar_1-1-1-768x768.jpg 768w\" sizes=\"auto, (max-width: 800px) 100vw, 800px\" \/><div class=\"wp-block-cover__inner-container has-global-padding is-layout-constrained wp-block-cover-is-layout-constrained\">\n<p class=\"has-text-align-center has-large-font-size\"><\/p>\n<\/div><\/div>\n<\/div>\n<\/div>\n<\/div>\n<\/div>\n\n\n\n<div style=\"height:50px\" aria-hidden=\"true\" class=\"wp-block-spacer\"><\/div>\n\n\n\n<div style=\"height:50px\" aria-hidden=\"true\" class=\"wp-block-spacer hide-mobile\"><\/div>\n<\/div>\n\n\n\n<div style=\"height:30px\" aria-hidden=\"true\" class=\"wp-block-spacer\"><\/div>\n\n\n\n<div style=\"height:30px\" aria-hidden=\"true\" class=\"wp-block-spacer hide-mobile\"><\/div>\n\n\n\n<div class=\"wp-block-group has-global-padding is-layout-constrained wp-block-group-is-layout-constrained\">\n<div class=\"wp-block-columns is-layout-flex wp-container-core-columns-is-layout-3 wp-block-columns-is-layout-flex\">\n<div class=\"wp-block-column is-layout-flow wp-block-column-is-layout-flow\">\n<p>Vi tilbyr tiltaket Arbeidsforberedende trening (AFT). Dette er et fleksibelt tilbud med varighet i inntil 12 m\u00e5neder.&nbsp; M\u00e5lgruppen er mennesker som som har v\u00e6rt utenfor arbeidsmarkedet i en lengre periode og hvor det er behov for \u00e5 kartlegge veis\u00f8kernes ressurser gjennom arbeidstrening i et tilrettelagt arbeidsmilj\u00f8. M\u00e5let med deltakelse i AFT er \u00e5 styrke mulighetene for \u00e5 komme ut i arbeid eller utdanning.<\/p>\n\n\n\n<p>Aktiviteter hos oss inneb\u00e6rer blant annet karriereveiledning, rask oppstart av jobbs\u00f8k, oppl\u00e6ring i arbeidsrelaterte ferdigheter, og tilpasning og tilrettelegging av arbeid. Ved behov kan man f\u00e5 oppl\u00e6ring i basiskompetanse knyttet mot eget yrkesm\u00e5l, samt studiest\u00f8tte i forkant av studieoppstart.<\/p>\n\n\n\n<p>Brukermedvirkning og selvbestemmelse er sentralt i v\u00e5rt arbeid, og vi tilrettelegger for at den enkelte skal delta aktivt i sin prosess mot jobb eller utdanning. I samarbeid med veileder utarbeides en individuell plan for gjennomf\u00f8ring av tiltak. Bl\u00e5 Kors arbeid og inkludering legger vekt p\u00e5 at hver enkelt skal se sine styrker og muligheter, og ta egne beslutninger og valg basert p\u00e5 \u00f8nsker, forutsetninger og interesser.<\/p>\n\n\n\n<p>Vi jobber systematisk med \u00e5 innlede relasjoner til aktuelle arbeidsgivere etter v\u00e5re veis\u00f8keres preferanser og yrkes\u00f8nsker. Dette gj\u00f8res b\u00e5de p\u00e5 vegne av, og sammen med veis\u00f8ker.<\/p>\n\n\n\n<p>Vi er godkjent l\u00e6rebedrift innen fagene Salg og Service, og Renhold. Vi gir mulighet til \u00e5 formalisere kompetanse ved \u00e5 ta fagbrev som l\u00e6rling, eller kompetansebevis som l\u00e6rekandidat.<\/p>\n\n\n\n<p>I AFT jobber vi etter oppf\u00f8lgingsmetodikken Bl\u00e5 Kors JobbPluss, hvor prinsippet om ordin\u00e6rt l\u00f8nnet arbeid st\u00e5r sentralt. Metoden er forankret i modellen Individual Placement and Support (IPS), men tilpasset AFT tiltakets rammer og krav.<\/p>\n<\/div>\n<\/div>\n<\/div>\n\n\n\n<div style=\"height:30px\" aria-hidden=\"true\" class=\"wp-block-spacer\"><\/div>\n\n\n\n<div style=\"height:30px\" aria-hidden=\"true\" class=\"wp-block-spacer hide-mobile\"><\/div>\n\n\n\n<div class=\"wp-block-group alignfull has-light-beige-background-color has-background has-global-padding is-layout-constrained wp-block-group-is-layout-constrained\">\n<div style=\"height:42px\" aria-hidden=\"true\" class=\"wp-block-spacer\"><\/div>\n\n\n\n<div class=\"wp-block-group is-layout-flow wp-block-group-is-layout-flow\">\n<div class=\"wp-block-columns is-layout-flex wp-container-core-columns-is-layout-4 wp-block-columns-is-layout-flex\">\n<div class=\"wp-block-column border-radius has-beige-background-color has-background is-layout-flow wp-block-column-is-layout-flow\" style=\"padding-top:var(--wp--preset--spacing--20);padding-right:var(--wp--preset--spacing--50);padding-bottom:var(--wp--preset--spacing--20);padding-left:var(--wp--preset--spacing--50)\">\n<div style=\"height:15px\" aria-hidden=\"true\" class=\"wp-block-spacer\"><\/div>\n\n\n\n<h2 class=\"wp-block-heading has-sentinel-font-family\">M\u00f8t v\u00e5re ansatte<\/h2>\n\n\n\n<p>V\u00e5re ansatte har kompetanse innen karriereveiledning og verkt\u00f8y, samt samtaleteknikk og endringsarbeid.<\/p>\n\n\n\n<p>Med kunnskap og kompetanse bist\u00e5r vi enkeltmennesket til \u00e5 se sine ressurser og muligheter.<\/p>\n\n\n\n<div style=\"height:17px\" aria-hidden=\"true\" class=\"wp-block-spacer hide-mobile\"><\/div>\n\n\n\n<div class=\"wp-block-buttons is-layout-flex wp-block-buttons-is-layout-flex\">\n<div class=\"wp-block-button\"><a class=\"wp-block-button__link has-light-blue-background-color has-background wp-element-button\" href=\"https:\/\/blaakors.no\/arbeid-og-inkludering\/ansatte\/\">Ansatte <img loading=\"lazy\" decoding=\"async\" width=\"22\" height=\"17\" class=\"wp-image-1702\" style=\"width: 22px\" src=\"https:\/\/blaakors.no\/arbeid-og-inkludering\/wp-content\/uploads\/sites\/2\/2024\/09\/arrow-right.svg\" alt=\"\"><\/a><\/div>\n<\/div>\n\n\n\n<div style=\"height:63px\" aria-hidden=\"true\" class=\"wp-block-spacer hide-mobile\"><\/div>\n<\/div>\n\n\n\n<div class=\"wp-block-column is-layout-flow wp-block-column-is-layout-flow\">\n<div style=\"height:15px\" aria-hidden=\"true\" class=\"wp-block-spacer\"><\/div>\n\n\n\n<div class=\"wp-block-cover image-cover-mobile\" style=\"border-radius:15px;min-height:464px;aspect-ratio:unset;\"><span aria-hidden=\"true\" class=\"wp-block-cover__background has-background-dim-0 has-background-dim\" style=\"background-color:#b8a9ab\"><\/span><img loading=\"lazy\" decoding=\"async\" width=\"1731\" height=\"1154\" class=\"wp-block-cover__image-background wp-image-2099\" alt=\"\" src=\"https:\/\/blaakors.no\/arbeid-og-inkludering\/wp-content\/uploads\/sites\/2\/2024\/10\/Miljobilder_Fredrikstad_web-40.jpg\" data-object-fit=\"cover\" srcset=\"https:\/\/blaakors.no\/arbeid-og-inkludering\/wp-content\/uploads\/sites\/2\/2024\/10\/Miljobilder_Fredrikstad_web-40.jpg 1731w, https:\/\/blaakors.no\/arbeid-og-inkludering\/wp-content\/uploads\/sites\/2\/2024\/10\/Miljobilder_Fredrikstad_web-40-300x200.jpg 300w, https:\/\/blaakors.no\/arbeid-og-inkludering\/wp-content\/uploads\/sites\/2\/2024\/10\/Miljobilder_Fredrikstad_web-40-1024x683.jpg 1024w, https:\/\/blaakors.no\/arbeid-og-inkludering\/wp-content\/uploads\/sites\/2\/2024\/10\/Miljobilder_Fredrikstad_web-40-768x512.jpg 768w, https:\/\/blaakors.no\/arbeid-og-inkludering\/wp-content\/uploads\/sites\/2\/2024\/10\/Miljobilder_Fredrikstad_web-40-1536x1024.jpg 1536w\" sizes=\"auto, (max-width: 1731px) 100vw, 1731px\" \/><div class=\"wp-block-cover__inner-container has-global-padding is-layout-constrained wp-block-cover-is-layout-constrained\">\n<p class=\"has-text-align-center has-large-font-size\"><\/p>\n<\/div><\/div>\n<\/div>\n<\/div>\n<\/div>\n\n\n\n<div style=\"height:50px\" aria-hidden=\"true\" class=\"wp-block-spacer\"><\/div>\n\n\n\n<div style=\"height:50px\" aria-hidden=\"true\" class=\"wp-block-spacer hide-mobile\"><\/div>\n<\/div>\n","protected":false},"excerpt":{"rendered":"<p>V\u00e5re tilbud Bl\u00e5 Kors arbeid og inkludering er en arbeids- og inkluderingsbedrift som arrangerer arbeidsrettede tiltak i Fredrikstad og Sarpsborg p\u00e5 oppdrag fra NAV. Vi tilbyr tiltaket Arbeidsforberedende trening (AFT). Dette er et fleksibelt tilbud med varighet i inntil 12 m\u00e5neder.&nbsp; M\u00e5lgruppen er mennesker som som har v\u00e6rt utenfor arbeidsmarkedet i en lengre periode og [&hellip;]<\/p>\n","protected":false},"author":1,"featured_media":0,"parent":0,"menu_order":0,"comment_status":"closed","ping_status":"closed","template":"","meta":{"inline_featured_image":false,"_exactmetrics_skip_tracking":false,"_exactmetrics_sitenote_active":false,"_exactmetrics_sitenote_note":"","_exactmetrics_sitenote_category":0,"footnotes":""},"class_list":["post-11","page","type-page","status-publish","hentry"],"yoast_head":"<!-- This site is optimized with the Yoast SEO plugin v26.6 - https:\/\/yoast.com\/wordpress\/plugins\/seo\/ -->\n<title>V\u00e5re tilbud - Arbeid og inkludering<\/title>\n<meta name=\"robots\" content=\"index, follow, max-snippet:-1, max-image-preview:large, max-video-preview:-1\" \/>\n<link rel=\"canonical\" href=\"https:\/\/blaakors.no\/arbeid-og-inkludering\/vare-tilbud\/\" \/>\n<meta property=\"og:locale\" content=\"nb_NO\" \/>\n<meta property=\"og:type\" content=\"article\" \/>\n<meta property=\"og:title\" content=\"V\u00e5re tilbud - Arbeid og inkludering\" \/>\n<meta property=\"og:description\" content=\"V\u00e5re tilbud Bl\u00e5 Kors arbeid og inkludering er en arbeids- og inkluderingsbedrift som arrangerer arbeidsrettede tiltak i Fredrikstad og Sarpsborg p\u00e5 oppdrag fra NAV. Vi tilbyr tiltaket Arbeidsforberedende trening (AFT). Dette er et fleksibelt tilbud med varighet i inntil 12 m\u00e5neder.&nbsp; M\u00e5lgruppen er mennesker som som har v\u00e6rt utenfor arbeidsmarkedet i en lengre periode og [&hellip;]\" \/>\n<meta property=\"og:url\" content=\"https:\/\/blaakors.no\/arbeid-og-inkludering\/vare-tilbud\/\" \/>\n<meta property=\"og:site_name\" content=\"Arbeid og inkludering\" \/>\n<meta property=\"article:modified_time\" content=\"2024-10-18T11:26:22+00:00\" \/>\n<meta property=\"og:image\" content=\"https:\/\/blaakors.no\/arbeid-og-inkludering\/wp-content\/uploads\/sites\/2\/2024\/08\/skeidar_1-1-1.jpg\" \/>\n<meta name=\"twitter:card\" content=\"summary_large_image\" \/>\n<meta name=\"twitter:label1\" content=\"Ansl. lesetid\" \/>\n\t<meta name=\"twitter:data1\" content=\"3 minutter\" \/>\n<script type=\"application\/ld+json\" class=\"yoast-schema-graph\">{\"@context\":\"https:\/\/schema.org\",\"@graph\":[{\"@type\":\"WebPage\",\"@id\":\"https:\/\/blaakors.no\/arbeid-og-inkludering\/vare-tilbud\/\",\"url\":\"https:\/\/blaakors.no\/arbeid-og-inkludering\/vare-tilbud\/\",\"name\":\"V\u00e5re tilbud - Arbeid og inkludering\",\"isPartOf\":{\"@id\":\"https:\/\/blaakors.no\/arbeid-og-inkludering\/#website\"},\"primaryImageOfPage\":{\"@id\":\"https:\/\/blaakors.no\/arbeid-og-inkludering\/vare-tilbud\/#primaryimage\"},\"image\":{\"@id\":\"https:\/\/blaakors.no\/arbeid-og-inkludering\/vare-tilbud\/#primaryimage\"},\"thumbnailUrl\":\"https:\/\/blaakors.no\/arbeid-og-inkludering\/wp-content\/uploads\/sites\/2\/2024\/08\/skeidar_1-1-1.jpg\",\"datePublished\":\"2024-08-21T11:00:19+00:00\",\"dateModified\":\"2024-10-18T11:26:22+00:00\",\"breadcrumb\":{\"@id\":\"https:\/\/blaakors.no\/arbeid-og-inkludering\/vare-tilbud\/#breadcrumb\"},\"inLanguage\":\"nb-NO\",\"potentialAction\":[{\"@type\":\"ReadAction\",\"target\":[\"https:\/\/blaakors.no\/arbeid-og-inkludering\/vare-tilbud\/\"]}]},{\"@type\":\"ImageObject\",\"inLanguage\":\"nb-NO\",\"@id\":\"https:\/\/blaakors.no\/arbeid-og-inkludering\/vare-tilbud\/#primaryimage\",\"url\":\"https:\/\/blaakors.no\/arbeid-og-inkludering\/wp-content\/uploads\/sites\/2\/2024\/08\/skeidar_1-1-1.jpg\",\"contentUrl\":\"https:\/\/blaakors.no\/arbeid-og-inkludering\/wp-content\/uploads\/sites\/2\/2024\/08\/skeidar_1-1-1.jpg\",\"width\":800,\"height\":800},{\"@type\":\"BreadcrumbList\",\"@id\":\"https:\/\/blaakors.no\/arbeid-og-inkludering\/vare-tilbud\/#breadcrumb\",\"itemListElement\":[{\"@type\":\"ListItem\",\"position\":1,\"name\":\"Hjem\",\"item\":\"https:\/\/blaakors.no\/arbeid-og-inkludering\/\"},{\"@type\":\"ListItem\",\"position\":2,\"name\":\"V\u00e5re tilbud\"}]},{\"@type\":\"WebSite\",\"@id\":\"https:\/\/blaakors.no\/arbeid-og-inkludering\/#website\",\"url\":\"https:\/\/blaakors.no\/arbeid-og-inkludering\/\",\"name\":\"Arbeid og inkludering\",\"description\":\"I sentrum st\u00e5r et menneske\",\"publisher\":{\"@id\":\"https:\/\/blaakors.no\/arbeid-og-inkludering\/#organization\"},\"potentialAction\":[{\"@type\":\"SearchAction\",\"target\":{\"@type\":\"EntryPoint\",\"urlTemplate\":\"https:\/\/blaakors.no\/arbeid-og-inkludering\/?s={search_term_string}\"},\"query-input\":{\"@type\":\"PropertyValueSpecification\",\"valueRequired\":true,\"valueName\":\"search_term_string\"}}],\"inLanguage\":\"nb-NO\"},{\"@type\":\"Organization\",\"@id\":\"https:\/\/blaakors.no\/arbeid-og-inkludering\/#organization\",\"name\":\"Arbeid og inkludering\",\"url\":\"https:\/\/blaakors.no\/arbeid-og-inkludering\/\",\"logo\":{\"@type\":\"ImageObject\",\"inLanguage\":\"nb-NO\",\"@id\":\"https:\/\/blaakors.no\/arbeid-og-inkludering\/#\/schema\/logo\/image\/\",\"url\":\"https:\/\/blaakors.no\/arbeid-og-inkludering\/wp-content\/uploads\/sites\/2\/2024\/09\/Bla-kors-logo-fredrikstad.svg\",\"contentUrl\":\"https:\/\/blaakors.no\/arbeid-og-inkludering\/wp-content\/uploads\/sites\/2\/2024\/09\/Bla-kors-logo-fredrikstad.svg\",\"caption\":\"Arbeid og inkludering\"},\"image\":{\"@id\":\"https:\/\/blaakors.no\/arbeid-og-inkludering\/#\/schema\/logo\/image\/\"}}]}<\/script>\n<!-- \/ Yoast SEO plugin. -->","yoast_head_json":{"title":"V\u00e5re tilbud - Arbeid og inkludering","robots":{"index":"index","follow":"follow","max-snippet":"max-snippet:-1","max-image-preview":"max-image-preview:large","max-video-preview":"max-video-preview:-1"},"canonical":"https:\/\/blaakors.no\/arbeid-og-inkludering\/vare-tilbud\/","og_locale":"nb_NO","og_type":"article","og_title":"V\u00e5re tilbud - Arbeid og inkludering","og_description":"V\u00e5re tilbud Bl\u00e5 Kors arbeid og inkludering er en arbeids- og inkluderingsbedrift som arrangerer arbeidsrettede tiltak i Fredrikstad og Sarpsborg p\u00e5 oppdrag fra NAV. Vi tilbyr tiltaket Arbeidsforberedende trening (AFT). Dette er et fleksibelt tilbud med varighet i inntil 12 m\u00e5neder.&nbsp; M\u00e5lgruppen er mennesker som som har v\u00e6rt utenfor arbeidsmarkedet i en lengre periode og [&hellip;]","og_url":"https:\/\/blaakors.no\/arbeid-og-inkludering\/vare-tilbud\/","og_site_name":"Arbeid og inkludering","article_modified_time":"2024-10-18T11:26:22+00:00","og_image":[{"url":"https:\/\/blaakors.no\/arbeid-og-inkludering\/wp-content\/uploads\/sites\/2\/2024\/08\/skeidar_1-1-1.jpg","type":"","width":"","height":""}],"twitter_card":"summary_large_image","twitter_misc":{"Ansl. lesetid":"3 minutter"},"schema":{"@context":"https:\/\/schema.org","@graph":[{"@type":"WebPage","@id":"https:\/\/blaakors.no\/arbeid-og-inkludering\/vare-tilbud\/","url":"https:\/\/blaakors.no\/arbeid-og-inkludering\/vare-tilbud\/","name":"V\u00e5re tilbud - Arbeid og inkludering","isPartOf":{"@id":"https:\/\/blaakors.no\/arbeid-og-inkludering\/#website"},"primaryImageOfPage":{"@id":"https:\/\/blaakors.no\/arbeid-og-inkludering\/vare-tilbud\/#primaryimage"},"image":{"@id":"https:\/\/blaakors.no\/arbeid-og-inkludering\/vare-tilbud\/#primaryimage"},"thumbnailUrl":"https:\/\/blaakors.no\/arbeid-og-inkludering\/wp-content\/uploads\/sites\/2\/2024\/08\/skeidar_1-1-1.jpg","datePublished":"2024-08-21T11:00:19+00:00","dateModified":"2024-10-18T11:26:22+00:00","breadcrumb":{"@id":"https:\/\/blaakors.no\/arbeid-og-inkludering\/vare-tilbud\/#breadcrumb"},"inLanguage":"nb-NO","potentialAction":[{"@type":"ReadAction","target":["https:\/\/blaakors.no\/arbeid-og-inkludering\/vare-tilbud\/"]}]},{"@type":"ImageObject","inLanguage":"nb-NO","@id":"https:\/\/blaakors.no\/arbeid-og-inkludering\/vare-tilbud\/#primaryimage","url":"https:\/\/blaakors.no\/arbeid-og-inkludering\/wp-content\/uploads\/sites\/2\/2024\/08\/skeidar_1-1-1.jpg","contentUrl":"https:\/\/blaakors.no\/arbeid-og-inkludering\/wp-content\/uploads\/sites\/2\/2024\/08\/skeidar_1-1-1.jpg","width":800,"height":800},{"@type":"BreadcrumbList","@id":"https:\/\/blaakors.no\/arbeid-og-inkludering\/vare-tilbud\/#breadcrumb","itemListElement":[{"@type":"ListItem","position":1,"name":"Hjem","item":"https:\/\/blaakors.no\/arbeid-og-inkludering\/"},{"@type":"ListItem","position":2,"name":"V\u00e5re tilbud"}]},{"@type":"WebSite","@id":"https:\/\/blaakors.no\/arbeid-og-inkludering\/#website","url":"https:\/\/blaakors.no\/arbeid-og-inkludering\/","name":"Arbeid og inkludering","description":"I sentrum st\u00e5r et menneske","publisher":{"@id":"https:\/\/blaakors.no\/arbeid-og-inkludering\/#organization"},"potentialAction":[{"@type":"SearchAction","target":{"@type":"EntryPoint","urlTemplate":"https:\/\/blaakors.no\/arbeid-og-inkludering\/?s={search_term_string}"},"query-input":{"@type":"PropertyValueSpecification","valueRequired":true,"valueName":"search_term_string"}}],"inLanguage":"nb-NO"},{"@type":"Organization","@id":"https:\/\/blaakors.no\/arbeid-og-inkludering\/#organization","name":"Arbeid og inkludering","url":"https:\/\/blaakors.no\/arbeid-og-inkludering\/","logo":{"@type":"ImageObject","inLanguage":"nb-NO","@id":"https:\/\/blaakors.no\/arbeid-og-inkludering\/#\/schema\/logo\/image\/","url":"https:\/\/blaakors.no\/arbeid-og-inkludering\/wp-content\/uploads\/sites\/2\/2024\/09\/Bla-kors-logo-fredrikstad.svg","contentUrl":"https:\/\/blaakors.no\/arbeid-og-inkludering\/wp-content\/uploads\/sites\/2\/2024\/09\/Bla-kors-logo-fredrikstad.svg","caption":"Arbeid og inkludering"},"image":{"@id":"https:\/\/blaakors.no\/arbeid-og-inkludering\/#\/schema\/logo\/image\/"}}]}},"_links":{"self":[{"href":"https:\/\/blaakors.no\/arbeid-og-inkludering\/wp-json\/wp\/v2\/pages\/11","targetHints":{"allow":["GET"]}}],"collection":[{"href":"https:\/\/blaakors.no\/arbeid-og-inkludering\/wp-json\/wp\/v2\/pages"}],"about":[{"href":"https:\/\/blaakors.no\/arbeid-og-inkludering\/wp-json\/wp\/v2\/types\/page"}],"author":[{"embeddable":true,"href":"https:\/\/blaakors.no\/arbeid-og-inkludering\/wp-json\/wp\/v2\/users\/1"}],"replies":[{"embeddable":true,"href":"https:\/\/blaakors.no\/arbeid-og-inkludering\/wp-json\/wp\/v2\/comments?post=11"}],"version-history":[{"count":15,"href":"https:\/\/blaakors.no\/arbeid-og-inkludering\/wp-json\/wp\/v2\/pages\/11\/revisions"}],"predecessor-version":[{"id":2108,"href":"https:\/\/blaakors.no\/arbeid-og-inkludering\/wp-json\/wp\/v2\/pages\/11\/revisions\/2108"}],"wp:attachment":[{"href":"https:\/\/blaakors.no\/arbeid-og-inkludering\/wp-json\/wp\/v2\/media?parent=11"}],"curies":[{"name":"wp","href":"https:\/\/api.w.org\/{rel}","templated":true}]}}