{"id":1614,"date":"2024-08-22T11:47:54","date_gmt":"2024-08-22T11:47:54","guid":{"rendered":"https:\/\/blaakors.no\/arbeid-og-inkludering\/?page_id=1614"},"modified":"2026-03-05T11:47:50","modified_gmt":"2026-03-05T11:47:50","slug":"ansatte","status":"publish","type":"page","link":"https:\/\/blaakors.no\/arbeid-og-inkludering\/ansatte\/","title":{"rendered":"Ansatte"},"content":{"rendered":"\n<div class=\"wp-block-group alignfull has-light-beige-background-color has-background has-global-padding is-layout-constrained wp-block-group-is-layout-constrained\" style=\"padding-top:var(--wp--preset--spacing--50);padding-bottom:var(--wp--preset--spacing--50)\">\n<div style=\"height:150px\" aria-hidden=\"true\" class=\"wp-block-spacer\"><\/div>\n\n\n\n<div style=\"height:50px\" aria-hidden=\"true\" class=\"wp-block-spacer hide-mobile\"><\/div>\n\n\n\n<div class=\"wp-block-group has-global-padding is-layout-constrained wp-block-group-is-layout-constrained\">\n<div class=\"wp-block-columns is-layout-flex wp-container-core-columns-is-layout-1 wp-block-columns-is-layout-flex\">\n<div class=\"wp-block-column is-layout-flow wp-block-column-is-layout-flow\" style=\"padding-right:var(--wp--preset--spacing--40);flex-basis:60%\">\n<h2 class=\"wp-block-heading has-sentinel-font-family\">M\u00f8t v\u00e5re ansatte<\/h2>\n\n\n\n<p>V\u00e5re ansatte representerer en bred kompetanse innen karri\u00e8reveiledning, kartlegging og oppl\u00e6ring i basisferdigheter, tilrettelegging og muligheter hos arbeidsgiver.<\/p>\n\n\n\n<p>Vi har sv\u00e6rt god kjennskap til arbeidsmarkedet i Nedre Glomma regionen, og har mange gode samarbeidspartnere i n\u00e6ringslivet.<\/p>\n<\/div>\n\n\n\n<div class=\"wp-block-column has-light-pink-background-color has-background is-layout-flow wp-block-column-is-layout-flow\" style=\"padding-top:var(--wp--preset--spacing--40);padding-right:var(--wp--preset--spacing--20);padding-bottom:var(--wp--preset--spacing--40);padding-left:var(--wp--preset--spacing--20);flex-basis:40%\">\n<figure class=\"wp-block-image aligncenter size-full is-resized\"><img loading=\"lazy\" decoding=\"async\" width=\"900\" height=\"900\" src=\"https:\/\/blaakors.no\/arbeid-og-inkludering\/wp-content\/uploads\/sites\/2\/2024\/08\/high_five_f.png\" alt=\"\" class=\"wp-image-1675\" style=\"width:205px;height:auto\" srcset=\"https:\/\/blaakors.no\/arbeid-og-inkludering\/wp-content\/uploads\/sites\/2\/2024\/08\/high_five_f.png 900w, https:\/\/blaakors.no\/arbeid-og-inkludering\/wp-content\/uploads\/sites\/2\/2024\/08\/high_five_f-300x300.png 300w, https:\/\/blaakors.no\/arbeid-og-inkludering\/wp-content\/uploads\/sites\/2\/2024\/08\/high_five_f-150x150.png 150w, https:\/\/blaakors.no\/arbeid-og-inkludering\/wp-content\/uploads\/sites\/2\/2024\/08\/high_five_f-768x768.png 768w\" sizes=\"auto, (max-width: 900px) 100vw, 900px\" \/><\/figure>\n<\/div>\n<\/div>\n<\/div>\n<\/div>\n\n\n\n<div style=\"height:50px\" aria-hidden=\"true\" class=\"wp-block-spacer\"><\/div>\n\n\n\n<div style=\"height:50px\" aria-hidden=\"true\" class=\"wp-block-spacer hide-mobile\"><\/div>\n\n\n\n<div class=\"wp-block-group has-global-padding is-layout-constrained wp-block-group-is-layout-constrained\">\n<div class=\"wp-block-group has-global-padding is-layout-constrained wp-block-group-is-layout-constrained\">\n<div class=\"wp-block-columns is-layout-flex wp-container-core-columns-is-layout-2 wp-block-columns-is-layout-flex\">\n<div class=\"wp-block-column is-layout-flow wp-block-column-is-layout-flow\">\n<figure class=\"wp-block-image size-large is-style-default\"><img loading=\"lazy\" decoding=\"async\" width=\"1024\" height=\"683\" src=\"https:\/\/blaakors.no\/arbeid-og-inkludering\/wp-content\/uploads\/sites\/2\/2024\/09\/Atle-1-1024x683.jpg\" alt=\"\" class=\"wp-image-1834\" style=\"aspect-ratio:1;object-fit:cover\" srcset=\"https:\/\/blaakors.no\/arbeid-og-inkludering\/wp-content\/uploads\/sites\/2\/2024\/09\/Atle-1-1024x683.jpg 1024w, https:\/\/blaakors.no\/arbeid-og-inkludering\/wp-content\/uploads\/sites\/2\/2024\/09\/Atle-1-300x200.jpg 300w, https:\/\/blaakors.no\/arbeid-og-inkludering\/wp-content\/uploads\/sites\/2\/2024\/09\/Atle-1-768x512.jpg 768w, https:\/\/blaakors.no\/arbeid-og-inkludering\/wp-content\/uploads\/sites\/2\/2024\/09\/Atle-1.jpg 1200w\" sizes=\"auto, (max-width: 1024px) 100vw, 1024px\" \/><\/figure>\n\n\n\n<h4 class=\"wp-block-heading has-sentinel-font-family\">Atle Engsmyr<\/h4>\n\n\n\n<p>Virksomhetsleder<br>Mobil: <a href=\"tel:92 61 65 38\">92 61 65 38<\/a><br><a href=\"mailto:atle.engsmyr@blaakors.no\">atle.engsmyr@blaakors.no<\/a><\/p>\n<\/div>\n\n\n\n<div class=\"wp-block-column hide-mobile is-layout-flow wp-block-column-is-layout-flow\"><\/div>\n\n\n\n<div class=\"wp-block-column hide-mobile is-layout-flow wp-block-column-is-layout-flow\"><\/div>\n<\/div>\n\n\n\n<div style=\"height:50px\" aria-hidden=\"true\" class=\"wp-block-spacer\"><\/div>\n\n\n\n<div style=\"height:50px\" aria-hidden=\"true\" class=\"wp-block-spacer hide-mobile\"><\/div>\n\n\n\n<div class=\"wp-block-columns is-layout-flex wp-container-core-columns-is-layout-3 wp-block-columns-is-layout-flex\">\n<div class=\"wp-block-column is-layout-flow wp-block-column-is-layout-flow\">\n<h3 class=\"wp-block-heading has-sentinel-font-family\">Avdeling Fredrikstad<\/h3>\n<\/div>\n<\/div>\n\n\n\n<div style=\"height:40px\" aria-hidden=\"true\" class=\"wp-block-spacer\"><\/div>\n\n\n\n<div class=\"wp-block-columns is-layout-flex wp-container-core-columns-is-layout-4 wp-block-columns-is-layout-flex\">\n<div class=\"wp-block-column is-layout-flow wp-block-column-is-layout-flow\">\n<figure class=\"wp-block-image size-large is-style-default\"><img loading=\"lazy\" decoding=\"async\" width=\"1024\" height=\"683\" src=\"https:\/\/blaakors.no\/arbeid-og-inkludering\/wp-content\/uploads\/sites\/2\/2025\/04\/Elin_web-3-1024x683.jpg\" alt=\"\" class=\"wp-image-2211\" style=\"aspect-ratio:1;object-fit:cover\" srcset=\"https:\/\/blaakors.no\/arbeid-og-inkludering\/wp-content\/uploads\/sites\/2\/2025\/04\/Elin_web-3-1024x683.jpg 1024w, https:\/\/blaakors.no\/arbeid-og-inkludering\/wp-content\/uploads\/sites\/2\/2025\/04\/Elin_web-3-300x200.jpg 300w, https:\/\/blaakors.no\/arbeid-og-inkludering\/wp-content\/uploads\/sites\/2\/2025\/04\/Elin_web-3-768x512.jpg 768w, https:\/\/blaakors.no\/arbeid-og-inkludering\/wp-content\/uploads\/sites\/2\/2025\/04\/Elin_web-3-1536x1024.jpg 1536w, https:\/\/blaakors.no\/arbeid-og-inkludering\/wp-content\/uploads\/sites\/2\/2025\/04\/Elin_web-3.jpg 1600w\" sizes=\"auto, (max-width: 1024px) 100vw, 1024px\" \/><\/figure>\n\n\n\n<h4 class=\"wp-block-heading has-sentinel-font-family\">Elin Marie Liholt<\/h4>\n\n\n\n<p>Avdelingsleder<br>Mobil: <a href=\"tel:94 05 50 44\">94 05 50 44<\/a><br><a href=\"mailto:elin.liholt@blaakors.no\">elin.liholt@blaakors.no<\/a><\/p>\n<\/div>\n\n\n\n<div class=\"wp-block-column is-layout-flow wp-block-column-is-layout-flow\">\n<figure class=\"wp-block-image size-large\"><img loading=\"lazy\" decoding=\"async\" width=\"1024\" height=\"683\" src=\"https:\/\/blaakors.no\/arbeid-og-inkludering\/wp-content\/uploads\/sites\/2\/2024\/09\/BenteM_NY-2-1024x683.jpg\" alt=\"\" class=\"wp-image-1843\" style=\"aspect-ratio:1;object-fit:cover\" srcset=\"https:\/\/blaakors.no\/arbeid-og-inkludering\/wp-content\/uploads\/sites\/2\/2024\/09\/BenteM_NY-2-1024x683.jpg 1024w, https:\/\/blaakors.no\/arbeid-og-inkludering\/wp-content\/uploads\/sites\/2\/2024\/09\/BenteM_NY-2-300x200.jpg 300w, https:\/\/blaakors.no\/arbeid-og-inkludering\/wp-content\/uploads\/sites\/2\/2024\/09\/BenteM_NY-2-768x512.jpg 768w, https:\/\/blaakors.no\/arbeid-og-inkludering\/wp-content\/uploads\/sites\/2\/2024\/09\/BenteM_NY-2.jpg 1200w\" sizes=\"auto, (max-width: 1024px) 100vw, 1024px\" \/><\/figure>\n\n\n\n<h4 class=\"wp-block-heading has-sentinel-font-family\">Bente Myhre<\/h4>\n\n\n\n<p>Veileder<br>Mobil: <a href=\"tel:46 88 35 24\">46 88 35 24<\/a><br><a href=\"mailto:bente.myhre@blaakors.no\">bente.myhre@blaakors.no<\/a><\/p>\n<\/div>\n\n\n\n<div class=\"wp-block-column is-layout-flow wp-block-column-is-layout-flow\">\n<figure class=\"wp-block-image size-large\"><img loading=\"lazy\" decoding=\"async\" width=\"1024\" height=\"683\" src=\"https:\/\/blaakors.no\/arbeid-og-inkludering\/wp-content\/uploads\/sites\/2\/2024\/09\/SynneNY_hjemmeside-3-1024x683.jpg\" alt=\"\" class=\"wp-image-1844\" style=\"aspect-ratio:1;object-fit:cover\" srcset=\"https:\/\/blaakors.no\/arbeid-og-inkludering\/wp-content\/uploads\/sites\/2\/2024\/09\/SynneNY_hjemmeside-3-1024x683.jpg 1024w, https:\/\/blaakors.no\/arbeid-og-inkludering\/wp-content\/uploads\/sites\/2\/2024\/09\/SynneNY_hjemmeside-3-300x200.jpg 300w, https:\/\/blaakors.no\/arbeid-og-inkludering\/wp-content\/uploads\/sites\/2\/2024\/09\/SynneNY_hjemmeside-3-768x512.jpg 768w, https:\/\/blaakors.no\/arbeid-og-inkludering\/wp-content\/uploads\/sites\/2\/2024\/09\/SynneNY_hjemmeside-3.jpg 1200w\" sizes=\"auto, (max-width: 1024px) 100vw, 1024px\" \/><\/figure>\n\n\n\n<h4 class=\"wp-block-heading has-sentinel-font-family\">Synne Putri Solstad<\/h4>\n\n\n\n<p>Veileder<br>Mobil: <a href=\"tel:90 12 01 40\">90 12 01 40<\/a><br><a href=\"mailto:synne.solstad@blaakors.no\">synne.solstad@blaakors.no<\/a><\/p>\n<\/div>\n<\/div>\n\n\n\n<div style=\"height:50px\" aria-hidden=\"true\" class=\"wp-block-spacer\"><\/div>\n\n\n\n<div class=\"wp-block-columns is-layout-flex wp-container-core-columns-is-layout-5 wp-block-columns-is-layout-flex\">\n<div class=\"wp-block-column is-layout-flow wp-block-column-is-layout-flow\">\n<figure class=\"wp-block-image size-large\"><img loading=\"lazy\" decoding=\"async\" width=\"1024\" height=\"683\" src=\"https:\/\/blaakors.no\/arbeid-og-inkludering\/wp-content\/uploads\/sites\/2\/2025\/02\/Selma-1-1024x683.jpg\" alt=\"\" class=\"wp-image-2200\" style=\"aspect-ratio:1;object-fit:cover\" srcset=\"https:\/\/blaakors.no\/arbeid-og-inkludering\/wp-content\/uploads\/sites\/2\/2025\/02\/Selma-1-1024x683.jpg 1024w, https:\/\/blaakors.no\/arbeid-og-inkludering\/wp-content\/uploads\/sites\/2\/2025\/02\/Selma-1-300x200.jpg 300w, https:\/\/blaakors.no\/arbeid-og-inkludering\/wp-content\/uploads\/sites\/2\/2025\/02\/Selma-1-768x512.jpg 768w, https:\/\/blaakors.no\/arbeid-og-inkludering\/wp-content\/uploads\/sites\/2\/2025\/02\/Selma-1-1536x1024.jpg 1536w, https:\/\/blaakors.no\/arbeid-og-inkludering\/wp-content\/uploads\/sites\/2\/2025\/02\/Selma-1.jpg 1600w\" sizes=\"auto, (max-width: 1024px) 100vw, 1024px\" \/><\/figure>\n\n\n\n<h4 class=\"wp-block-heading has-sentinel-font-family\">Selma Therese Huth<\/h4>\n\n\n\n<p>Veileder<br>Mobil: <a href=\"tel:95 44 18 27\">95 44 18 27<\/a><br><a href=\"mailto:selma.therese.huth@blaakors.no\">selma.therese.huth@blaakors.no<\/a><\/p>\n<\/div>\n\n\n\n<div class=\"wp-block-column is-layout-flow wp-block-column-is-layout-flow\">\n<figure class=\"wp-block-image size-large\"><img loading=\"lazy\" decoding=\"async\" width=\"1024\" height=\"683\" src=\"https:\/\/blaakors.no\/arbeid-og-inkludering\/wp-content\/uploads\/sites\/2\/2025\/08\/Georg-2-1024x683.jpg\" alt=\"\" class=\"wp-image-2247\" style=\"aspect-ratio:1;object-fit:cover\" srcset=\"https:\/\/blaakors.no\/arbeid-og-inkludering\/wp-content\/uploads\/sites\/2\/2025\/08\/Georg-2-1024x683.jpg 1024w, https:\/\/blaakors.no\/arbeid-og-inkludering\/wp-content\/uploads\/sites\/2\/2025\/08\/Georg-2-300x200.jpg 300w, https:\/\/blaakors.no\/arbeid-og-inkludering\/wp-content\/uploads\/sites\/2\/2025\/08\/Georg-2-768x512.jpg 768w, https:\/\/blaakors.no\/arbeid-og-inkludering\/wp-content\/uploads\/sites\/2\/2025\/08\/Georg-2.jpg 1200w\" sizes=\"auto, (max-width: 1024px) 100vw, 1024px\" \/><\/figure>\n\n\n\n<h4 class=\"wp-block-heading has-sentinel-font-family\">Georg Nordb\u00e6k<\/h4>\n\n\n\n<p>Veileder<br>Mobil: <a href=\"tel:90 75 22 32\"><\/a><a href=\"tel:95 44 18 27\"><\/a><a href=\"tel:90 75 22 32\">90 75 22 32<\/a><br><a href=\"mailto:georg.norbak@blaakors.no\">georg.norbak@blaakors.no<\/a><\/p>\n<\/div>\n\n\n\n<div class=\"wp-block-column is-layout-flow wp-block-column-is-layout-flow\">\n<figure class=\"wp-block-image size-large\"><img loading=\"lazy\" decoding=\"async\" width=\"1024\" height=\"683\" src=\"https:\/\/blaakors.no\/arbeid-og-inkludering\/wp-content\/uploads\/sites\/2\/2025\/08\/Fredrik-2-1024x683.jpg\" alt=\"\" class=\"wp-image-2250\" style=\"aspect-ratio:1;object-fit:cover\" srcset=\"https:\/\/blaakors.no\/arbeid-og-inkludering\/wp-content\/uploads\/sites\/2\/2025\/08\/Fredrik-2-1024x683.jpg 1024w, https:\/\/blaakors.no\/arbeid-og-inkludering\/wp-content\/uploads\/sites\/2\/2025\/08\/Fredrik-2-300x200.jpg 300w, https:\/\/blaakors.no\/arbeid-og-inkludering\/wp-content\/uploads\/sites\/2\/2025\/08\/Fredrik-2-768x512.jpg 768w, https:\/\/blaakors.no\/arbeid-og-inkludering\/wp-content\/uploads\/sites\/2\/2025\/08\/Fredrik-2.jpg 1200w\" sizes=\"auto, (max-width: 1024px) 100vw, 1024px\" \/><\/figure>\n\n\n\n<h4 class=\"wp-block-heading has-sentinel-font-family\">Fredrik Brostr\u00f8m-Hansen<\/h4>\n\n\n\n<p>Veileder<br>Mobil: <a href=\"tel:47 66 17 58\">47 66 17 58<\/a><br><a href=\"mailto:fredrik.brostrom-hansen@blaakors.no\"><\/a><a href=\"mailto:fredrik.brostrom-hansen@blaakors.no\">fredrik.brostrom-hansen@blaakors.no<\/a><\/p>\n<\/div>\n<\/div>\n\n\n\n<div style=\"height:50px\" aria-hidden=\"true\" class=\"wp-block-spacer\"><\/div>\n\n\n\n<div class=\"wp-block-columns is-layout-flex wp-container-core-columns-is-layout-6 wp-block-columns-is-layout-flex\">\n<div class=\"wp-block-column is-layout-flow wp-block-column-is-layout-flow\">\n<figure class=\"wp-block-image size-large is-style-default\"><img loading=\"lazy\" decoding=\"async\" width=\"1024\" height=\"683\" src=\"https:\/\/blaakors.no\/arbeid-og-inkludering\/wp-content\/uploads\/sites\/2\/2024\/09\/Malin_NY-1-1024x683.jpg\" alt=\"\" class=\"wp-image-1854\" style=\"aspect-ratio:1;object-fit:cover\" srcset=\"https:\/\/blaakors.no\/arbeid-og-inkludering\/wp-content\/uploads\/sites\/2\/2024\/09\/Malin_NY-1-1024x683.jpg 1024w, https:\/\/blaakors.no\/arbeid-og-inkludering\/wp-content\/uploads\/sites\/2\/2024\/09\/Malin_NY-1-300x200.jpg 300w, https:\/\/blaakors.no\/arbeid-og-inkludering\/wp-content\/uploads\/sites\/2\/2024\/09\/Malin_NY-1-768x512.jpg 768w, https:\/\/blaakors.no\/arbeid-og-inkludering\/wp-content\/uploads\/sites\/2\/2024\/09\/Malin_NY-1.jpg 1200w\" sizes=\"auto, (max-width: 1024px) 100vw, 1024px\" \/><\/figure>\n\n\n\n<h4 class=\"wp-block-heading has-sentinel-font-family\">Malin Titterud Rovde<\/h4>\n\n\n\n<p>Veileder<br>Mobil: <a href=\"tel:91 61 59 38\">91 61 59 38<\/a><br><a href=\"mailto:malin.rovde@blaakors.no\">malin.rovde@blaakors.no<\/a><\/p>\n<\/div>\n\n\n\n<div class=\"wp-block-column is-layout-flow wp-block-column-is-layout-flow\">\n<figure class=\"wp-block-image size-large\"><img loading=\"lazy\" decoding=\"async\" width=\"1024\" height=\"683\" src=\"https:\/\/blaakors.no\/arbeid-og-inkludering\/wp-content\/uploads\/sites\/2\/2024\/09\/BenteN_hjemmeside_bruk-1-1024x683.jpg\" alt=\"\" class=\"wp-image-1855\" style=\"aspect-ratio:1;object-fit:cover\" srcset=\"https:\/\/blaakors.no\/arbeid-og-inkludering\/wp-content\/uploads\/sites\/2\/2024\/09\/BenteN_hjemmeside_bruk-1-1024x683.jpg 1024w, https:\/\/blaakors.no\/arbeid-og-inkludering\/wp-content\/uploads\/sites\/2\/2024\/09\/BenteN_hjemmeside_bruk-1-300x200.jpg 300w, https:\/\/blaakors.no\/arbeid-og-inkludering\/wp-content\/uploads\/sites\/2\/2024\/09\/BenteN_hjemmeside_bruk-1-768x512.jpg 768w, https:\/\/blaakors.no\/arbeid-og-inkludering\/wp-content\/uploads\/sites\/2\/2024\/09\/BenteN_hjemmeside_bruk-1.jpg 1200w\" sizes=\"auto, (max-width: 1024px) 100vw, 1024px\" \/><\/figure>\n\n\n\n<h4 class=\"wp-block-heading has-sentinel-font-family\">Bente Nyg\u00e5rd<\/h4>\n\n\n\n<p>Veileder<br>Mobil: <a href=\"tel:90 36 12 53\">90 36 12 53<\/a><br><a href=\"mailto:bente.nygard@blaakors.no\">bente.nygard@blaakors.no<\/a><\/p>\n<\/div>\n\n\n\n<div class=\"wp-block-column is-layout-flow wp-block-column-is-layout-flow\">\n<figure class=\"wp-block-image size-large\"><img loading=\"lazy\" decoding=\"async\" width=\"1024\" height=\"683\" src=\"https:\/\/blaakors.no\/arbeid-og-inkludering\/wp-content\/uploads\/sites\/2\/2024\/09\/Monica_NY-2-1024x683.jpg\" alt=\"\" class=\"wp-image-1856\" style=\"aspect-ratio:1;object-fit:cover\" srcset=\"https:\/\/blaakors.no\/arbeid-og-inkludering\/wp-content\/uploads\/sites\/2\/2024\/09\/Monica_NY-2-1024x683.jpg 1024w, https:\/\/blaakors.no\/arbeid-og-inkludering\/wp-content\/uploads\/sites\/2\/2024\/09\/Monica_NY-2-300x200.jpg 300w, https:\/\/blaakors.no\/arbeid-og-inkludering\/wp-content\/uploads\/sites\/2\/2024\/09\/Monica_NY-2-768x512.jpg 768w, https:\/\/blaakors.no\/arbeid-og-inkludering\/wp-content\/uploads\/sites\/2\/2024\/09\/Monica_NY-2.jpg 1200w\" sizes=\"auto, (max-width: 1024px) 100vw, 1024px\" \/><\/figure>\n\n\n\n<h4 class=\"wp-block-heading has-sentinel-font-family\">Monica Myrene<\/h4>\n\n\n\n<p>Veileder<br>Mobil: <a href=\"tel:90 74 12 28\">90 74 12 28<\/a><br><a href=\"mailto:monica.myrene@blaakors.no\">monica.myrene@blaakors.no<\/a><\/p>\n<\/div>\n<\/div>\n\n\n\n<div style=\"height:50px\" aria-hidden=\"true\" class=\"wp-block-spacer\"><\/div>\n\n\n\n<div class=\"wp-block-columns is-layout-flex wp-container-core-columns-is-layout-7 wp-block-columns-is-layout-flex\">\n<div class=\"wp-block-column is-layout-flow wp-block-column-is-layout-flow\">\n<figure class=\"wp-block-image size-large is-style-default\"><img loading=\"lazy\" decoding=\"async\" width=\"1024\" height=\"683\" src=\"https:\/\/blaakors.no\/arbeid-og-inkludering\/wp-content\/uploads\/sites\/2\/2025\/01\/Trine-4-1024x683.jpg\" alt=\"\" class=\"wp-image-2187\" style=\"aspect-ratio:1;object-fit:cover\" srcset=\"https:\/\/blaakors.no\/arbeid-og-inkludering\/wp-content\/uploads\/sites\/2\/2025\/01\/Trine-4-1024x683.jpg 1024w, https:\/\/blaakors.no\/arbeid-og-inkludering\/wp-content\/uploads\/sites\/2\/2025\/01\/Trine-4-300x200.jpg 300w, https:\/\/blaakors.no\/arbeid-og-inkludering\/wp-content\/uploads\/sites\/2\/2025\/01\/Trine-4-768x512.jpg 768w, https:\/\/blaakors.no\/arbeid-og-inkludering\/wp-content\/uploads\/sites\/2\/2025\/01\/Trine-4.jpg 1200w\" sizes=\"auto, (max-width: 1024px) 100vw, 1024px\" \/><\/figure>\n\n\n\n<h4 class=\"wp-block-heading has-sentinel-font-family\">Trine von Storm<\/h4>\n\n\n\n<p>Veileder<br>Mobil: <a href=\"tel:45 34 37 83\">45 34 37 83<\/a><br><a href=\"mailto:trine.storm@blaakors.no\">trine.storm@blaakors.no<\/a><\/p>\n<\/div>\n\n\n\n<div class=\"wp-block-column is-layout-flow wp-block-column-is-layout-flow\">\n<figure class=\"wp-block-image size-large is-style-default\"><img loading=\"lazy\" decoding=\"async\" width=\"1024\" height=\"683\" src=\"https:\/\/blaakors.no\/arbeid-og-inkludering\/wp-content\/uploads\/sites\/2\/2024\/09\/Sabine_NY-1-1024x683.jpg\" alt=\"\" class=\"wp-image-1863\" style=\"aspect-ratio:1;object-fit:cover\" srcset=\"https:\/\/blaakors.no\/arbeid-og-inkludering\/wp-content\/uploads\/sites\/2\/2024\/09\/Sabine_NY-1-1024x683.jpg 1024w, https:\/\/blaakors.no\/arbeid-og-inkludering\/wp-content\/uploads\/sites\/2\/2024\/09\/Sabine_NY-1-300x200.jpg 300w, https:\/\/blaakors.no\/arbeid-og-inkludering\/wp-content\/uploads\/sites\/2\/2024\/09\/Sabine_NY-1-768x512.jpg 768w, https:\/\/blaakors.no\/arbeid-og-inkludering\/wp-content\/uploads\/sites\/2\/2024\/09\/Sabine_NY-1.jpg 1200w\" sizes=\"auto, (max-width: 1024px) 100vw, 1024px\" \/><\/figure>\n\n\n\n<h4 class=\"wp-block-heading has-sentinel-font-family\">Sabine Larrieu-Hellestad<\/h4>\n\n\n\n<p>Veileder<br>Mobil: <a href=\"tel:46 85 13 02\">46 85 13 02<\/a><br><a href=\"mailto:sabine.larrieu-hellestad@blaakors.no\">sabine.larrieu-hellestad@blaakors.no<\/a><\/p>\n<\/div>\n\n\n\n<div class=\"wp-block-column is-layout-flow wp-block-column-is-layout-flow\">\n<figure class=\"wp-block-image size-large\"><img loading=\"lazy\" decoding=\"async\" width=\"1024\" height=\"683\" src=\"https:\/\/blaakors.no\/arbeid-og-inkludering\/wp-content\/uploads\/sites\/2\/2024\/09\/Stian_hjemmeside-11-1024x683.jpg\" alt=\"\" class=\"wp-image-1861\" style=\"aspect-ratio:1;object-fit:cover\" srcset=\"https:\/\/blaakors.no\/arbeid-og-inkludering\/wp-content\/uploads\/sites\/2\/2024\/09\/Stian_hjemmeside-11-1024x683.jpg 1024w, https:\/\/blaakors.no\/arbeid-og-inkludering\/wp-content\/uploads\/sites\/2\/2024\/09\/Stian_hjemmeside-11-300x200.jpg 300w, https:\/\/blaakors.no\/arbeid-og-inkludering\/wp-content\/uploads\/sites\/2\/2024\/09\/Stian_hjemmeside-11-768x512.jpg 768w, https:\/\/blaakors.no\/arbeid-og-inkludering\/wp-content\/uploads\/sites\/2\/2024\/09\/Stian_hjemmeside-11.jpg 1200w\" sizes=\"auto, (max-width: 1024px) 100vw, 1024px\" \/><\/figure>\n\n\n\n<h4 class=\"wp-block-heading has-sentinel-font-family\">Stian G. Bjerkebakke-Westin<\/h4>\n\n\n\n<p>Veileder <br>Mobil: <a href=\"tel:47 71 58 41\">47 71 58 41<\/a><br><a href=\"mailto:stian.bjerkebakke-westin@blaakors.no\">stian.bjerkebakke-westin@blaakors.no<\/a><\/p>\n<\/div>\n<\/div>\n\n\n\n<div style=\"height:50px\" aria-hidden=\"true\" class=\"wp-block-spacer\"><\/div>\n\n\n\n<div class=\"wp-block-columns is-layout-flex wp-container-core-columns-is-layout-8 wp-block-columns-is-layout-flex\">\n<div class=\"wp-block-column is-layout-flow wp-block-column-is-layout-flow\">\n<figure class=\"wp-block-image size-large\"><img loading=\"lazy\" decoding=\"async\" width=\"1024\" height=\"683\" src=\"https:\/\/blaakors.no\/arbeid-og-inkludering\/wp-content\/uploads\/sites\/2\/2024\/09\/Thomas-1-1024x683.jpg\" alt=\"\" class=\"wp-image-1864\" style=\"aspect-ratio:1;object-fit:cover\" srcset=\"https:\/\/blaakors.no\/arbeid-og-inkludering\/wp-content\/uploads\/sites\/2\/2024\/09\/Thomas-1-1024x683.jpg 1024w, https:\/\/blaakors.no\/arbeid-og-inkludering\/wp-content\/uploads\/sites\/2\/2024\/09\/Thomas-1-300x200.jpg 300w, https:\/\/blaakors.no\/arbeid-og-inkludering\/wp-content\/uploads\/sites\/2\/2024\/09\/Thomas-1-768x512.jpg 768w, https:\/\/blaakors.no\/arbeid-og-inkludering\/wp-content\/uploads\/sites\/2\/2024\/09\/Thomas-1.jpg 1200w\" sizes=\"auto, (max-width: 1024px) 100vw, 1024px\" \/><\/figure>\n\n\n\n<h4 class=\"wp-block-heading has-sentinel-font-family\">Thomas Skj\u00e6rli<\/h4>\n\n\n\n<p>Veileder<br>Mobil:&nbsp;<a href=\"tel:45 34 39 01\">45 34 39 01<\/a><br><a href=\"mailto:sabine.larrieu-hellestad@blaakors.no\"><\/a><a href=\"mailto:thomas.skjarli@blaakors.no\">thomas.skjarli@blaakors.no<\/a><\/p>\n<\/div>\n\n\n\n<div class=\"wp-block-column is-layout-flow wp-block-column-is-layout-flow\"><\/div>\n\n\n\n<div class=\"wp-block-column is-layout-flow wp-block-column-is-layout-flow\"><\/div>\n<\/div>\n\n\n\n<div style=\"height:50px\" aria-hidden=\"true\" class=\"wp-block-spacer\"><\/div>\n\n\n\n<div style=\"height:50px\" aria-hidden=\"true\" class=\"wp-block-spacer hide-mobile\"><\/div>\n\n\n\n<div class=\"wp-block-columns is-layout-flex wp-container-core-columns-is-layout-9 wp-block-columns-is-layout-flex\">\n<div class=\"wp-block-column is-layout-flow wp-block-column-is-layout-flow\">\n<h3 class=\"wp-block-heading has-sentinel-font-family\">Avdeling Sarpsborg<\/h3>\n<\/div>\n<\/div>\n\n\n\n<div style=\"height:40px\" aria-hidden=\"true\" class=\"wp-block-spacer\"><\/div>\n\n\n\n<div class=\"wp-block-columns is-layout-flex wp-container-core-columns-is-layout-10 wp-block-columns-is-layout-flex\">\n<div class=\"wp-block-column is-layout-flow wp-block-column-is-layout-flow\">\n<figure class=\"wp-block-image size-large is-style-default\"><img loading=\"lazy\" decoding=\"async\" width=\"1024\" height=\"683\" src=\"https:\/\/blaakors.no\/arbeid-og-inkludering\/wp-content\/uploads\/sites\/2\/2024\/09\/Ida-2-1024x683.jpg\" alt=\"\" class=\"wp-image-1878\" style=\"aspect-ratio:1;object-fit:cover\" srcset=\"https:\/\/blaakors.no\/arbeid-og-inkludering\/wp-content\/uploads\/sites\/2\/2024\/09\/Ida-2-1024x683.jpg 1024w, https:\/\/blaakors.no\/arbeid-og-inkludering\/wp-content\/uploads\/sites\/2\/2024\/09\/Ida-2-300x200.jpg 300w, https:\/\/blaakors.no\/arbeid-og-inkludering\/wp-content\/uploads\/sites\/2\/2024\/09\/Ida-2-768x512.jpg 768w, https:\/\/blaakors.no\/arbeid-og-inkludering\/wp-content\/uploads\/sites\/2\/2024\/09\/Ida-2.jpg 1200w\" sizes=\"auto, (max-width: 1024px) 100vw, 1024px\" \/><\/figure>\n\n\n\n<h4 class=\"wp-block-heading has-sentinel-font-family\">Ida Marie Wernersen<\/h4>\n\n\n\n<p>Avdelingsleder<br>Mobil: <a href=\"tel:90 71 36 60\"><a href=\"tel:90 71 36 60\">90 71 36 60<\/a><\/a><br><a href=\"mailto:elin.lilholt@blaakors.no\">ida.wernersen@blaakors.no<\/a><\/p>\n<\/div>\n\n\n\n<div class=\"wp-block-column is-layout-flow wp-block-column-is-layout-flow\">\n<figure class=\"wp-block-image size-large\"><img loading=\"lazy\" decoding=\"async\" width=\"1024\" height=\"683\" src=\"https:\/\/blaakors.no\/arbeid-og-inkludering\/wp-content\/uploads\/sites\/2\/2025\/09\/Cecilie_NY-3-1024x683.jpg\" alt=\"\" class=\"wp-image-2259\" style=\"aspect-ratio:1;object-fit:cover\" srcset=\"https:\/\/blaakors.no\/arbeid-og-inkludering\/wp-content\/uploads\/sites\/2\/2025\/09\/Cecilie_NY-3-1024x683.jpg 1024w, https:\/\/blaakors.no\/arbeid-og-inkludering\/wp-content\/uploads\/sites\/2\/2025\/09\/Cecilie_NY-3-300x200.jpg 300w, https:\/\/blaakors.no\/arbeid-og-inkludering\/wp-content\/uploads\/sites\/2\/2025\/09\/Cecilie_NY-3-768x512.jpg 768w, https:\/\/blaakors.no\/arbeid-og-inkludering\/wp-content\/uploads\/sites\/2\/2025\/09\/Cecilie_NY-3-1536x1024.jpg 1536w, https:\/\/blaakors.no\/arbeid-og-inkludering\/wp-content\/uploads\/sites\/2\/2025\/09\/Cecilie_NY-3.jpg 1600w\" sizes=\"auto, (max-width: 1024px) 100vw, 1024px\" \/><\/figure>\n\n\n\n<h4 class=\"wp-block-heading has-sentinel-font-family\">Cecilie Dahle Lindh<\/h4>\n\n\n\n<p>Veileder<br>Mobil: <a href=\"tel:46 94 38 22\">46 94 38 22<\/a><br><a href=\"mailto:cecilie.lindh@blaakors.no\">cecilie.lindh@blaakors.no<\/a><\/p>\n<\/div>\n\n\n\n<div class=\"wp-block-column is-layout-flow wp-block-column-is-layout-flow\">\n<figure class=\"wp-block-image size-large\"><img loading=\"lazy\" decoding=\"async\" width=\"1024\" height=\"683\" src=\"https:\/\/blaakors.no\/arbeid-og-inkludering\/wp-content\/uploads\/sites\/2\/2024\/09\/Johanna-2-1024x683.jpg\" alt=\"\" class=\"wp-image-1895\" style=\"aspect-ratio:1;object-fit:cover\" srcset=\"https:\/\/blaakors.no\/arbeid-og-inkludering\/wp-content\/uploads\/sites\/2\/2024\/09\/Johanna-2-1024x683.jpg 1024w, https:\/\/blaakors.no\/arbeid-og-inkludering\/wp-content\/uploads\/sites\/2\/2024\/09\/Johanna-2-300x200.jpg 300w, https:\/\/blaakors.no\/arbeid-og-inkludering\/wp-content\/uploads\/sites\/2\/2024\/09\/Johanna-2-768x512.jpg 768w, https:\/\/blaakors.no\/arbeid-og-inkludering\/wp-content\/uploads\/sites\/2\/2024\/09\/Johanna-2.jpg 1200w\" sizes=\"auto, (max-width: 1024px) 100vw, 1024px\" \/><\/figure>\n\n\n\n<h4 class=\"wp-block-heading has-sentinel-font-family\">Johanna Leidy Skogen Huth<\/h4>\n\n\n\n<p>Veileder<br>Mobil: <a href=\"tel:90 41 86 37\">90 41 86 37<\/a><br><a href=\"mailto:kelsey.hood@blaakors.no\">johanna.huth@blaakors.no<\/a><\/p>\n<\/div>\n<\/div>\n\n\n\n<div style=\"height:50px\" aria-hidden=\"true\" class=\"wp-block-spacer\"><\/div>\n\n\n\n<div class=\"wp-block-columns is-layout-flex wp-container-core-columns-is-layout-11 wp-block-columns-is-layout-flex\">\n<div class=\"wp-block-column is-layout-flow wp-block-column-is-layout-flow\">\n<figure class=\"wp-block-image size-large is-style-default\"><img loading=\"lazy\" decoding=\"async\" width=\"1024\" height=\"683\" src=\"https:\/\/blaakors.no\/arbeid-og-inkludering\/wp-content\/uploads\/sites\/2\/2024\/09\/Lars-1-1024x683.jpg\" alt=\"\" class=\"wp-image-1877\" style=\"aspect-ratio:1;object-fit:cover\" srcset=\"https:\/\/blaakors.no\/arbeid-og-inkludering\/wp-content\/uploads\/sites\/2\/2024\/09\/Lars-1-1024x683.jpg 1024w, https:\/\/blaakors.no\/arbeid-og-inkludering\/wp-content\/uploads\/sites\/2\/2024\/09\/Lars-1-300x200.jpg 300w, https:\/\/blaakors.no\/arbeid-og-inkludering\/wp-content\/uploads\/sites\/2\/2024\/09\/Lars-1-768x512.jpg 768w, https:\/\/blaakors.no\/arbeid-og-inkludering\/wp-content\/uploads\/sites\/2\/2024\/09\/Lars-1.jpg 1200w\" sizes=\"auto, (max-width: 1024px) 100vw, 1024px\" \/><\/figure>\n\n\n\n<h4 class=\"wp-block-heading has-sentinel-font-family\">Lars Fr. Gundersen<\/h4>\n\n\n\n<p>Veileder<br>Mobil: <a href=\"tel:90 83 84 49\">90 83 84 49<\/a><br><a href=\"mailto:lars.gundersen@blaakors.no\">lars.gundersen@blaakors.no<\/a><\/p>\n<\/div>\n\n\n\n<div class=\"wp-block-column is-layout-flow wp-block-column-is-layout-flow\">\n<figure class=\"wp-block-image size-full\"><img loading=\"lazy\" decoding=\"async\" width=\"800\" height=\"800\" src=\"https:\/\/blaakors.no\/arbeid-og-inkludering\/wp-content\/uploads\/sites\/2\/2026\/02\/Tommy_Sarpsborg_web.jpg\" alt=\"\" class=\"wp-image-2275\" style=\"aspect-ratio:1;object-fit:cover\" srcset=\"https:\/\/blaakors.no\/arbeid-og-inkludering\/wp-content\/uploads\/sites\/2\/2026\/02\/Tommy_Sarpsborg_web.jpg 800w, https:\/\/blaakors.no\/arbeid-og-inkludering\/wp-content\/uploads\/sites\/2\/2026\/02\/Tommy_Sarpsborg_web-300x300.jpg 300w, https:\/\/blaakors.no\/arbeid-og-inkludering\/wp-content\/uploads\/sites\/2\/2026\/02\/Tommy_Sarpsborg_web-150x150.jpg 150w, https:\/\/blaakors.no\/arbeid-og-inkludering\/wp-content\/uploads\/sites\/2\/2026\/02\/Tommy_Sarpsborg_web-768x768.jpg 768w\" sizes=\"auto, (max-width: 800px) 100vw, 800px\" \/><\/figure>\n\n\n\n<h4 class=\"wp-block-heading has-sentinel-font-family\">Tommy Sandsdalen<\/h4>\n\n\n\n<p>Veileder<br>Mobil: 90 71 36 60<br><a href=\"mailto:tommy.sandsdalen@blaakors.no\">tommy.sandsdalen@blaakors.no<\/a><\/p>\n<\/div>\n\n\n\n<div class=\"wp-block-column is-layout-flow wp-block-column-is-layout-flow\">\n<figure class=\"wp-block-image size-large\"><img loading=\"lazy\" decoding=\"async\" width=\"1024\" height=\"683\" src=\"https:\/\/blaakors.no\/arbeid-og-inkludering\/wp-content\/uploads\/sites\/2\/2024\/09\/Sylwia_NY-1-1024x683.jpg\" alt=\"\" class=\"wp-image-1879\" style=\"aspect-ratio:1;object-fit:cover\" srcset=\"https:\/\/blaakors.no\/arbeid-og-inkludering\/wp-content\/uploads\/sites\/2\/2024\/09\/Sylwia_NY-1-1024x683.jpg 1024w, https:\/\/blaakors.no\/arbeid-og-inkludering\/wp-content\/uploads\/sites\/2\/2024\/09\/Sylwia_NY-1-300x200.jpg 300w, https:\/\/blaakors.no\/arbeid-og-inkludering\/wp-content\/uploads\/sites\/2\/2024\/09\/Sylwia_NY-1-768x512.jpg 768w, https:\/\/blaakors.no\/arbeid-og-inkludering\/wp-content\/uploads\/sites\/2\/2024\/09\/Sylwia_NY-1.jpg 1200w\" sizes=\"auto, (max-width: 1024px) 100vw, 1024px\" \/><\/figure>\n\n\n\n<h4 class=\"wp-block-heading has-sentinel-font-family\">Sylwia Gundersen<\/h4>\n\n\n\n<p>Veileder (i permisjon)<br>Mobil: <a href=\"tel:453 12 371\">453 12 371<\/a><br><a href=\"mailto:sylwia.gundersen@blaakors.no\">sylwia.gundersen@blaakors.no<\/a><\/p>\n<\/div>\n<\/div>\n\n\n\n<div style=\"height:50px\" aria-hidden=\"true\" class=\"wp-block-spacer\"><\/div>\n\n\n\n<div class=\"wp-block-columns is-layout-flex wp-container-core-columns-is-layout-12 wp-block-columns-is-layout-flex\">\n<div class=\"wp-block-column is-layout-flow wp-block-column-is-layout-flow\">\n<figure class=\"wp-block-image size-large is-style-default\"><img loading=\"lazy\" decoding=\"async\" width=\"1024\" height=\"768\" src=\"https:\/\/blaakors.no\/arbeid-og-inkludering\/wp-content\/uploads\/sites\/2\/2025\/06\/Frida-Kjuus-Christiansen.Sarpsborg-1024x768.jpg\" alt=\"\" class=\"wp-image-2230\" style=\"aspect-ratio:1;object-fit:cover\" srcset=\"https:\/\/blaakors.no\/arbeid-og-inkludering\/wp-content\/uploads\/sites\/2\/2025\/06\/Frida-Kjuus-Christiansen.Sarpsborg-1024x768.jpg 1024w, https:\/\/blaakors.no\/arbeid-og-inkludering\/wp-content\/uploads\/sites\/2\/2025\/06\/Frida-Kjuus-Christiansen.Sarpsborg-300x225.jpg 300w, https:\/\/blaakors.no\/arbeid-og-inkludering\/wp-content\/uploads\/sites\/2\/2025\/06\/Frida-Kjuus-Christiansen.Sarpsborg-768x576.jpg 768w, https:\/\/blaakors.no\/arbeid-og-inkludering\/wp-content\/uploads\/sites\/2\/2025\/06\/Frida-Kjuus-Christiansen.Sarpsborg-1536x1152.jpg 1536w, https:\/\/blaakors.no\/arbeid-og-inkludering\/wp-content\/uploads\/sites\/2\/2025\/06\/Frida-Kjuus-Christiansen.Sarpsborg.jpg 1600w\" sizes=\"auto, (max-width: 1024px) 100vw, 1024px\" \/><\/figure>\n\n\n\n<h4 class=\"wp-block-heading has-sentinel-font-family\">Frida Kjuus Christiansen<\/h4>\n\n\n\n<p>Veileder&nbsp;<br>Mobil: <a href=\"tel:91 61 53 79\">91 61 53 79<\/a><br><a href=\"mailto:frida.christiansen@blaakors.no\">frida.christiansen@blaakors.no<\/a><\/p>\n<\/div>\n\n\n\n<div class=\"wp-block-column is-layout-flow wp-block-column-is-layout-flow\">\n<figure class=\"wp-block-image size-large\"><img loading=\"lazy\" decoding=\"async\" width=\"1024\" height=\"683\" src=\"https:\/\/blaakors.no\/arbeid-og-inkludering\/wp-content\/uploads\/sites\/2\/2024\/09\/SveinOlav-1-1024x683.jpg\" alt=\"\" class=\"wp-image-1883\" style=\"aspect-ratio:1;object-fit:cover\" srcset=\"https:\/\/blaakors.no\/arbeid-og-inkludering\/wp-content\/uploads\/sites\/2\/2024\/09\/SveinOlav-1-1024x683.jpg 1024w, https:\/\/blaakors.no\/arbeid-og-inkludering\/wp-content\/uploads\/sites\/2\/2024\/09\/SveinOlav-1-300x200.jpg 300w, https:\/\/blaakors.no\/arbeid-og-inkludering\/wp-content\/uploads\/sites\/2\/2024\/09\/SveinOlav-1-768x512.jpg 768w, https:\/\/blaakors.no\/arbeid-og-inkludering\/wp-content\/uploads\/sites\/2\/2024\/09\/SveinOlav-1.jpg 1200w\" sizes=\"auto, (max-width: 1024px) 100vw, 1024px\" \/><\/figure>\n\n\n\n<h4 class=\"wp-block-heading has-sentinel-font-family\">Svein Olav Hansen<\/h4>\n\n\n\n<p>Veileder<br>Mobil: <a href=\"tel:95 18 13 37\">95 18 13 37<\/a><br><a href=\"mailto:svein.o.hansen@blaakors.no\">svein.o.hansen@blaakors.no<\/a><\/p>\n<\/div>\n\n\n\n<div class=\"wp-block-column is-layout-flow wp-block-column-is-layout-flow\">\n<figure class=\"wp-block-image size-large\"><img loading=\"lazy\" decoding=\"async\" width=\"1024\" height=\"768\" src=\"https:\/\/blaakors.no\/arbeid-og-inkludering\/wp-content\/uploads\/sites\/2\/2025\/06\/Tuija-Almqvist.Sarpsborg-1024x768.jpg\" alt=\"\" class=\"wp-image-2229\" style=\"aspect-ratio:1;object-fit:cover\" srcset=\"https:\/\/blaakors.no\/arbeid-og-inkludering\/wp-content\/uploads\/sites\/2\/2025\/06\/Tuija-Almqvist.Sarpsborg-1024x768.jpg 1024w, https:\/\/blaakors.no\/arbeid-og-inkludering\/wp-content\/uploads\/sites\/2\/2025\/06\/Tuija-Almqvist.Sarpsborg-300x225.jpg 300w, https:\/\/blaakors.no\/arbeid-og-inkludering\/wp-content\/uploads\/sites\/2\/2025\/06\/Tuija-Almqvist.Sarpsborg-768x576.jpg 768w, https:\/\/blaakors.no\/arbeid-og-inkludering\/wp-content\/uploads\/sites\/2\/2025\/06\/Tuija-Almqvist.Sarpsborg-1536x1152.jpg 1536w, https:\/\/blaakors.no\/arbeid-og-inkludering\/wp-content\/uploads\/sites\/2\/2025\/06\/Tuija-Almqvist.Sarpsborg.jpg 1600w\" sizes=\"auto, (max-width: 1024px) 100vw, 1024px\" \/><\/figure>\n\n\n\n<h4 class=\"wp-block-heading has-sentinel-font-family\">Tuija Almqvist<\/h4>\n\n\n\n<p>Veileder<br>Mobil: <a href=\"tel:90 22 10 49\">90 22 10 49<\/a><br><a href=\"mailto:tuija.almqvist@blaakors.no\">tuija.almqvist@blaakors.no<\/a><\/p>\n<\/div>\n<\/div>\n\n\n\n<div style=\"height:50px\" aria-hidden=\"true\" class=\"wp-block-spacer\"><\/div>\n\n\n\n<div class=\"wp-block-columns is-layout-flex wp-container-core-columns-is-layout-13 wp-block-columns-is-layout-flex\">\n<div class=\"wp-block-column is-layout-flow wp-block-column-is-layout-flow\">\n<figure class=\"wp-block-image size-large is-style-default\"><img loading=\"lazy\" decoding=\"async\" width=\"1024\" height=\"683\" src=\"https:\/\/blaakors.no\/arbeid-og-inkludering\/wp-content\/uploads\/sites\/2\/2024\/09\/Edi-3-1024x683.jpg\" alt=\"\" class=\"wp-image-1887\" style=\"aspect-ratio:1;object-fit:cover\" srcset=\"https:\/\/blaakors.no\/arbeid-og-inkludering\/wp-content\/uploads\/sites\/2\/2024\/09\/Edi-3-1024x683.jpg 1024w, https:\/\/blaakors.no\/arbeid-og-inkludering\/wp-content\/uploads\/sites\/2\/2024\/09\/Edi-3-300x200.jpg 300w, https:\/\/blaakors.no\/arbeid-og-inkludering\/wp-content\/uploads\/sites\/2\/2024\/09\/Edi-3-768x512.jpg 768w, https:\/\/blaakors.no\/arbeid-og-inkludering\/wp-content\/uploads\/sites\/2\/2024\/09\/Edi-3.jpg 1200w\" sizes=\"auto, (max-width: 1024px) 100vw, 1024px\" \/><\/figure>\n\n\n\n<h4 class=\"wp-block-heading has-sentinel-font-family\">Edi Kurjakovic<\/h4>\n\n\n\n<p>Veileder<br>Mobil: <a href=\"tel:94 88 38 75\">94 88 38 75<\/a><br><a href=\"mailto:edi.kurjakovic@blaakors.no\">edi.kurjakovic@blaakors.no<\/a><\/p>\n<\/div>\n\n\n\n<div class=\"wp-block-column is-layout-flow wp-block-column-is-layout-flow\">\n<figure class=\"wp-block-image size-large\"><img loading=\"lazy\" decoding=\"async\" width=\"1024\" height=\"683\" src=\"https:\/\/blaakors.no\/arbeid-og-inkludering\/wp-content\/uploads\/sites\/2\/2024\/10\/Kaia-1-1024x683.jpg\" alt=\"\" class=\"wp-image-2083\" style=\"aspect-ratio:1;object-fit:cover\" srcset=\"https:\/\/blaakors.no\/arbeid-og-inkludering\/wp-content\/uploads\/sites\/2\/2024\/10\/Kaia-1-1024x683.jpg 1024w, https:\/\/blaakors.no\/arbeid-og-inkludering\/wp-content\/uploads\/sites\/2\/2024\/10\/Kaia-1-300x200.jpg 300w, https:\/\/blaakors.no\/arbeid-og-inkludering\/wp-content\/uploads\/sites\/2\/2024\/10\/Kaia-1-768x512.jpg 768w, https:\/\/blaakors.no\/arbeid-og-inkludering\/wp-content\/uploads\/sites\/2\/2024\/10\/Kaia-1-1536x1024.jpg 1536w, https:\/\/blaakors.no\/arbeid-og-inkludering\/wp-content\/uploads\/sites\/2\/2024\/10\/Kaia-1.jpg 1600w\" sizes=\"auto, (max-width: 1024px) 100vw, 1024px\" \/><\/figure>\n\n\n\n<h4 class=\"wp-block-heading has-sentinel-font-family\">Kaia Therese Krabber\u00f8d<\/h4>\n\n\n\n<p>Veileder<br>Mobil: <a href=\"tel:91 61 69 47\">91 61 69 47<\/a><br><a href=\"mailto:kaia.krabberod@blaakors.no\">kaia.krabberod@blaakors.no<\/a><\/p>\n<\/div>\n\n\n\n<div class=\"wp-block-column is-layout-flow wp-block-column-is-layout-flow\">\n<figure class=\"wp-block-image size-full\"><img loading=\"lazy\" decoding=\"async\" width=\"800\" height=\"800\" src=\"https:\/\/blaakors.no\/arbeid-og-inkludering\/wp-content\/uploads\/sites\/2\/2026\/02\/Astrid_Sarpsborg_web-1.jpg\" alt=\"\" class=\"wp-image-2277\" style=\"aspect-ratio:1;object-fit:cover\" srcset=\"https:\/\/blaakors.no\/arbeid-og-inkludering\/wp-content\/uploads\/sites\/2\/2026\/02\/Astrid_Sarpsborg_web-1.jpg 800w, https:\/\/blaakors.no\/arbeid-og-inkludering\/wp-content\/uploads\/sites\/2\/2026\/02\/Astrid_Sarpsborg_web-1-300x300.jpg 300w, https:\/\/blaakors.no\/arbeid-og-inkludering\/wp-content\/uploads\/sites\/2\/2026\/02\/Astrid_Sarpsborg_web-1-150x150.jpg 150w, https:\/\/blaakors.no\/arbeid-og-inkludering\/wp-content\/uploads\/sites\/2\/2026\/02\/Astrid_Sarpsborg_web-1-768x768.jpg 768w\" sizes=\"auto, (max-width: 800px) 100vw, 800px\" \/><\/figure>\n\n\n\n<h4 class=\"wp-block-heading has-sentinel-font-family\">Astrid Dahl Fosby<\/h4>\n\n\n\n<p>Veileder<br>Mobil: 90 74 53 24<br><a href=\"mailto:astrid.fosby@blaakors.no\">astrid.fosby@blaakors.no<\/a><\/p>\n<\/div>\n<\/div>\n\n\n\n<div style=\"height:50px\" aria-hidden=\"true\" class=\"wp-block-spacer\"><\/div>\n\n\n\n<div class=\"wp-block-columns is-layout-flex wp-container-core-columns-is-layout-14 wp-block-columns-is-layout-flex\">\n<div class=\"wp-block-column is-layout-flow wp-block-column-is-layout-flow\">\n<figure class=\"wp-block-image size-large\"><img loading=\"lazy\" decoding=\"async\" width=\"1024\" height=\"683\" src=\"https:\/\/blaakors.no\/arbeid-og-inkludering\/wp-content\/uploads\/sites\/2\/2024\/09\/Guri_hjemmeside-1-1024x683.jpg\" alt=\"\" class=\"wp-image-1866\" style=\"aspect-ratio:1;object-fit:cover\" srcset=\"https:\/\/blaakors.no\/arbeid-og-inkludering\/wp-content\/uploads\/sites\/2\/2024\/09\/Guri_hjemmeside-1-1024x683.jpg 1024w, https:\/\/blaakors.no\/arbeid-og-inkludering\/wp-content\/uploads\/sites\/2\/2024\/09\/Guri_hjemmeside-1-300x200.jpg 300w, https:\/\/blaakors.no\/arbeid-og-inkludering\/wp-content\/uploads\/sites\/2\/2024\/09\/Guri_hjemmeside-1-768x512.jpg 768w, https:\/\/blaakors.no\/arbeid-og-inkludering\/wp-content\/uploads\/sites\/2\/2024\/09\/Guri_hjemmeside-1.jpg 1200w\" sizes=\"auto, (max-width: 1024px) 100vw, 1024px\" \/><\/figure>\n\n\n\n<h4 class=\"wp-block-heading has-sentinel-font-family\">Guri Tysil<\/h4>\n\n\n\n<p>Veileder<br>Mobil: <a href=\"tel:90 79 92 58\">90 79 92 58<\/a><br><a href=\"mailto:guri.tysin@blaakors.no\">guri.tysil@blaakors.no<\/a><\/p>\n<\/div>\n\n\n\n<div class=\"wp-block-column is-layout-flow wp-block-column-is-layout-flow\"><\/div>\n\n\n\n<div class=\"wp-block-column is-layout-flow wp-block-column-is-layout-flow\"><\/div>\n<\/div>\n\n\n\n<div style=\"height:50px\" aria-hidden=\"true\" class=\"wp-block-spacer\"><\/div>\n\n\n\n<div style=\"height:50px\" aria-hidden=\"true\" class=\"wp-block-spacer hide-mobile\"><\/div>\n\n\n\n<div class=\"wp-block-columns is-layout-flex wp-container-core-columns-is-layout-15 wp-block-columns-is-layout-flex\">\n<div class=\"wp-block-column is-layout-flow wp-block-column-is-layout-flow\">\n<h3 class=\"wp-block-heading has-sentinel-font-family\">Tante Bl\u00e5 Gjenbruk<\/h3>\n<\/div>\n<\/div>\n\n\n\n<div style=\"height:40px\" aria-hidden=\"true\" class=\"wp-block-spacer\"><\/div>\n\n\n\n<div class=\"wp-block-columns is-layout-flex wp-container-core-columns-is-layout-16 wp-block-columns-is-layout-flex\">\n<div class=\"wp-block-column is-layout-flow wp-block-column-is-layout-flow\">\n<figure class=\"wp-block-image size-large is-style-default\"><img loading=\"lazy\" decoding=\"async\" width=\"1024\" height=\"683\" src=\"https:\/\/blaakors.no\/arbeid-og-inkludering\/wp-content\/uploads\/sites\/2\/2024\/09\/HanneD-2-1024x683.jpg\" alt=\"\" class=\"wp-image-1898\" style=\"aspect-ratio:1;object-fit:cover\" srcset=\"https:\/\/blaakors.no\/arbeid-og-inkludering\/wp-content\/uploads\/sites\/2\/2024\/09\/HanneD-2-1024x683.jpg 1024w, https:\/\/blaakors.no\/arbeid-og-inkludering\/wp-content\/uploads\/sites\/2\/2024\/09\/HanneD-2-300x200.jpg 300w, https:\/\/blaakors.no\/arbeid-og-inkludering\/wp-content\/uploads\/sites\/2\/2024\/09\/HanneD-2-768x512.jpg 768w, https:\/\/blaakors.no\/arbeid-og-inkludering\/wp-content\/uploads\/sites\/2\/2024\/09\/HanneD-2.jpg 1200w\" sizes=\"auto, (max-width: 1024px) 100vw, 1024px\" \/><\/figure>\n\n\n\n<h4 class=\"wp-block-heading has-sentinel-font-family\">Hanne Dahlin<\/h4>\n\n\n\n<p>Arbeidsveileder<br>Mobil: <a href=\"tel:46 91 54 04\">46 91 54 04<\/a><br><a href=\"mailto:hanne.dahlin@blaakors.no\">hanne.dahlin@blaakors.no<\/a><\/p>\n<\/div>\n\n\n\n<div class=\"wp-block-column is-layout-flow wp-block-column-is-layout-flow\">\n<figure class=\"wp-block-image size-large\"><img loading=\"lazy\" decoding=\"async\" width=\"1024\" height=\"683\" src=\"https:\/\/blaakors.no\/arbeid-og-inkludering\/wp-content\/uploads\/sites\/2\/2024\/09\/Ronny-1-1024x683.jpg\" alt=\"\" class=\"wp-image-1899\" style=\"aspect-ratio:1;object-fit:cover\" srcset=\"https:\/\/blaakors.no\/arbeid-og-inkludering\/wp-content\/uploads\/sites\/2\/2024\/09\/Ronny-1-1024x683.jpg 1024w, https:\/\/blaakors.no\/arbeid-og-inkludering\/wp-content\/uploads\/sites\/2\/2024\/09\/Ronny-1-300x200.jpg 300w, https:\/\/blaakors.no\/arbeid-og-inkludering\/wp-content\/uploads\/sites\/2\/2024\/09\/Ronny-1-768x512.jpg 768w, https:\/\/blaakors.no\/arbeid-og-inkludering\/wp-content\/uploads\/sites\/2\/2024\/09\/Ronny-1.jpg 1200w\" sizes=\"auto, (max-width: 1024px) 100vw, 1024px\" \/><\/figure>\n\n\n\n<h4 class=\"wp-block-heading has-sentinel-font-family\">Ronny Lorentzen<\/h4>\n\n\n\n<p>Arbeidsveileder<br>Mobil: <a href=\"tel:46 91 54 04\">46 91 54 04<\/a><br><a href=\"mailto:ronny.lorentzen@blaakors.no\">ronny.lorentzen@blaakors.no<\/a><\/p>\n<\/div>\n\n\n\n<div class=\"wp-block-column is-layout-flow wp-block-column-is-layout-flow\"><\/div>\n<\/div>\n\n\n\n<div style=\"height:50px\" aria-hidden=\"true\" class=\"wp-block-spacer\"><\/div>\n\n\n\n<div style=\"height:50px\" aria-hidden=\"true\" class=\"wp-block-spacer hide-mobile\"><\/div>\n\n\n\n<div class=\"wp-block-columns is-layout-flex wp-container-core-columns-is-layout-17 wp-block-columns-is-layout-flex\">\n<div class=\"wp-block-column is-layout-flow wp-block-column-is-layout-flow\">\n<h3 class=\"wp-block-heading has-sentinel-font-family\">SuveRent Vaskeri og transport avd.<\/h3>\n<\/div>\n<\/div>\n\n\n\n<div style=\"height:40px\" aria-hidden=\"true\" class=\"wp-block-spacer\"><\/div>\n\n\n\n<div class=\"wp-block-columns is-layout-flex wp-container-core-columns-is-layout-18 wp-block-columns-is-layout-flex\">\n<div class=\"wp-block-column is-layout-flow wp-block-column-is-layout-flow\">\n<figure class=\"wp-block-image size-large is-style-default\"><img loading=\"lazy\" decoding=\"async\" width=\"1024\" height=\"683\" src=\"https:\/\/blaakors.no\/arbeid-og-inkludering\/wp-content\/uploads\/sites\/2\/2024\/09\/Ingebjorg-1-1024x683.jpg\" alt=\"\" class=\"wp-image-1902\" style=\"aspect-ratio:1;object-fit:cover\" srcset=\"https:\/\/blaakors.no\/arbeid-og-inkludering\/wp-content\/uploads\/sites\/2\/2024\/09\/Ingebjorg-1-1024x683.jpg 1024w, https:\/\/blaakors.no\/arbeid-og-inkludering\/wp-content\/uploads\/sites\/2\/2024\/09\/Ingebjorg-1-300x200.jpg 300w, https:\/\/blaakors.no\/arbeid-og-inkludering\/wp-content\/uploads\/sites\/2\/2024\/09\/Ingebjorg-1-768x512.jpg 768w, https:\/\/blaakors.no\/arbeid-og-inkludering\/wp-content\/uploads\/sites\/2\/2024\/09\/Ingebjorg-1.jpg 1200w\" sizes=\"auto, (max-width: 1024px) 100vw, 1024px\" \/><\/figure>\n\n\n\n<h4 class=\"wp-block-heading has-sentinel-font-family\">Ingebj\u00f8rg Madshaven<\/h4>\n\n\n\n<p>Arbeidsveileder<br>Telefon: <a href=\"tel:69 30 18 26\">69 30 18 26<\/a><br><a href=\"mailto:ingebjorg.madshaven@blaakors.no\">ingebjorg.madshaven@blaakors.no<\/a><\/p>\n<\/div>\n\n\n\n<div class=\"wp-block-column is-layout-flow wp-block-column-is-layout-flow\">\n<figure class=\"wp-block-image size-large\"><img loading=\"lazy\" decoding=\"async\" width=\"1024\" height=\"683\" src=\"https:\/\/blaakors.no\/arbeid-og-inkludering\/wp-content\/uploads\/sites\/2\/2024\/09\/Lene-1-1024x683.jpg\" alt=\"\" class=\"wp-image-1903\" style=\"aspect-ratio:1;object-fit:cover\" srcset=\"https:\/\/blaakors.no\/arbeid-og-inkludering\/wp-content\/uploads\/sites\/2\/2024\/09\/Lene-1-1024x683.jpg 1024w, https:\/\/blaakors.no\/arbeid-og-inkludering\/wp-content\/uploads\/sites\/2\/2024\/09\/Lene-1-300x200.jpg 300w, https:\/\/blaakors.no\/arbeid-og-inkludering\/wp-content\/uploads\/sites\/2\/2024\/09\/Lene-1-768x512.jpg 768w, https:\/\/blaakors.no\/arbeid-og-inkludering\/wp-content\/uploads\/sites\/2\/2024\/09\/Lene-1.jpg 1200w\" sizes=\"auto, (max-width: 1024px) 100vw, 1024px\" \/><\/figure>\n\n\n\n<h4 class=\"wp-block-heading has-sentinel-font-family\">Lene Westlund<\/h4>\n\n\n\n<p>Arbeidsveileder<br>Telefon: <a href=\"tel:69 30 18 26\">69 30 18 26<\/a><br><a href=\"mailto:lene.westlund@blaakors.no\">lene.westlund@blaakors.no<\/a><\/p>\n<\/div>\n\n\n\n<div class=\"wp-block-column is-layout-flow wp-block-column-is-layout-flow\">\n<figure class=\"wp-block-image size-large\"><img loading=\"lazy\" decoding=\"async\" width=\"1024\" height=\"683\" src=\"https:\/\/blaakors.no\/arbeid-og-inkludering\/wp-content\/uploads\/sites\/2\/2025\/01\/JanSteinar-1-1024x683.jpg\" alt=\"\" class=\"wp-image-2198\" style=\"aspect-ratio:1;object-fit:cover\" srcset=\"https:\/\/blaakors.no\/arbeid-og-inkludering\/wp-content\/uploads\/sites\/2\/2025\/01\/JanSteinar-1-1024x683.jpg 1024w, https:\/\/blaakors.no\/arbeid-og-inkludering\/wp-content\/uploads\/sites\/2\/2025\/01\/JanSteinar-1-300x200.jpg 300w, https:\/\/blaakors.no\/arbeid-og-inkludering\/wp-content\/uploads\/sites\/2\/2025\/01\/JanSteinar-1-768x512.jpg 768w, https:\/\/blaakors.no\/arbeid-og-inkludering\/wp-content\/uploads\/sites\/2\/2025\/01\/JanSteinar-1-1536x1024.jpg 1536w, https:\/\/blaakors.no\/arbeid-og-inkludering\/wp-content\/uploads\/sites\/2\/2025\/01\/JanSteinar-1.jpg 1600w\" sizes=\"auto, (max-width: 1024px) 100vw, 1024px\" \/><\/figure>\n\n\n\n<h4 class=\"wp-block-heading has-sentinel-font-family\">Jan Steinar Westlund<\/h4>\n\n\n\n<p>Milj\u00f8arbeider<br>Telefon: <a href=\"tel:45 31 33 03\">45 31 33 03<\/a><br><a href=\"mailto:jan.westlund@blaakors.no\">jan.westlund@blaakors.no<\/a><\/p>\n<\/div>\n<\/div>\n<\/div>\n<\/div>\n\n\n\n<div style=\"height:50px\" aria-hidden=\"true\" class=\"wp-block-spacer\"><\/div>\n\n\n\n<div style=\"height:50px\" aria-hidden=\"true\" class=\"wp-block-spacer hide-mobile\"><\/div>\n","protected":false},"excerpt":{"rendered":"<p>M\u00f8t v\u00e5re ansatte V\u00e5re ansatte representerer en bred kompetanse innen karri\u00e8reveiledning, kartlegging og oppl\u00e6ring i basisferdigheter, tilrettelegging og muligheter hos arbeidsgiver. Vi har sv\u00e6rt god kjennskap til arbeidsmarkedet i Nedre Glomma regionen, og har mange gode samarbeidspartnere i n\u00e6ringslivet. Atle Engsmyr VirksomhetslederMobil: 92 61 65 38atle.engsmyr@blaakors.no Avdeling Fredrikstad Elin Marie Liholt AvdelingslederMobil: 94 05 50 [&hellip;]<\/p>\n","protected":false},"author":1,"featured_media":0,"parent":0,"menu_order":0,"comment_status":"closed","ping_status":"closed","template":"","meta":{"inline_featured_image":false,"_exactmetrics_skip_tracking":false,"_exactmetrics_sitenote_active":false,"_exactmetrics_sitenote_note":"","_exactmetrics_sitenote_category":0,"footnotes":""},"class_list":["post-1614","page","type-page","status-publish","hentry"],"yoast_head":"<!-- This site is optimized with the Yoast SEO plugin v26.6 - https:\/\/yoast.com\/wordpress\/plugins\/seo\/ -->\n<title>Ansatte - Arbeid og inkludering<\/title>\n<meta name=\"robots\" content=\"index, follow, max-snippet:-1, max-image-preview:large, max-video-preview:-1\" \/>\n<link rel=\"canonical\" href=\"https:\/\/blaakors.no\/arbeid-og-inkludering\/ansatte\/\" \/>\n<meta property=\"og:locale\" content=\"nb_NO\" \/>\n<meta property=\"og:type\" content=\"article\" \/>\n<meta property=\"og:title\" content=\"Ansatte - Arbeid og inkludering\" \/>\n<meta property=\"og:description\" content=\"M\u00f8t v\u00e5re ansatte V\u00e5re ansatte representerer en bred kompetanse innen karri\u00e8reveiledning, kartlegging og oppl\u00e6ring i basisferdigheter, tilrettelegging og muligheter hos arbeidsgiver. Vi har sv\u00e6rt god kjennskap til arbeidsmarkedet i Nedre Glomma regionen, og har mange gode samarbeidspartnere i n\u00e6ringslivet. Atle Engsmyr VirksomhetslederMobil: 92 61 65 38atle.engsmyr@blaakors.no Avdeling Fredrikstad Elin Marie Liholt AvdelingslederMobil: 94 05 50 [&hellip;]\" \/>\n<meta property=\"og:url\" content=\"https:\/\/blaakors.no\/arbeid-og-inkludering\/ansatte\/\" \/>\n<meta property=\"og:site_name\" content=\"Arbeid og inkludering\" \/>\n<meta property=\"article:modified_time\" content=\"2026-03-05T11:47:50+00:00\" \/>\n<meta property=\"og:image\" content=\"https:\/\/blaakors.no\/arbeid-og-inkludering\/wp-content\/uploads\/sites\/2\/2024\/08\/high_five_f.png\" \/>\n\t<meta property=\"og:image:width\" content=\"900\" \/>\n\t<meta property=\"og:image:height\" content=\"900\" \/>\n\t<meta property=\"og:image:type\" content=\"image\/png\" \/>\n<meta name=\"twitter:card\" content=\"summary_large_image\" \/>\n<meta name=\"twitter:label1\" content=\"Ansl. lesetid\" \/>\n\t<meta name=\"twitter:data1\" content=\"9 minutter\" \/>\n<script type=\"application\/ld+json\" class=\"yoast-schema-graph\">{\"@context\":\"https:\/\/schema.org\",\"@graph\":[{\"@type\":\"WebPage\",\"@id\":\"https:\/\/blaakors.no\/arbeid-og-inkludering\/ansatte\/\",\"url\":\"https:\/\/blaakors.no\/arbeid-og-inkludering\/ansatte\/\",\"name\":\"Ansatte - Arbeid og inkludering\",\"isPartOf\":{\"@id\":\"https:\/\/blaakors.no\/arbeid-og-inkludering\/#website\"},\"primaryImageOfPage\":{\"@id\":\"https:\/\/blaakors.no\/arbeid-og-inkludering\/ansatte\/#primaryimage\"},\"image\":{\"@id\":\"https:\/\/blaakors.no\/arbeid-og-inkludering\/ansatte\/#primaryimage\"},\"thumbnailUrl\":\"https:\/\/blaakors.no\/arbeid-og-inkludering\/wp-content\/uploads\/sites\/2\/2024\/08\/high_five_f.png\",\"datePublished\":\"2024-08-22T11:47:54+00:00\",\"dateModified\":\"2026-03-05T11:47:50+00:00\",\"breadcrumb\":{\"@id\":\"https:\/\/blaakors.no\/arbeid-og-inkludering\/ansatte\/#breadcrumb\"},\"inLanguage\":\"nb-NO\",\"potentialAction\":[{\"@type\":\"ReadAction\",\"target\":[\"https:\/\/blaakors.no\/arbeid-og-inkludering\/ansatte\/\"]}]},{\"@type\":\"ImageObject\",\"inLanguage\":\"nb-NO\",\"@id\":\"https:\/\/blaakors.no\/arbeid-og-inkludering\/ansatte\/#primaryimage\",\"url\":\"https:\/\/blaakors.no\/arbeid-og-inkludering\/wp-content\/uploads\/sites\/2\/2024\/08\/high_five_f.png\",\"contentUrl\":\"https:\/\/blaakors.no\/arbeid-og-inkludering\/wp-content\/uploads\/sites\/2\/2024\/08\/high_five_f.png\",\"width\":900,\"height\":900},{\"@type\":\"BreadcrumbList\",\"@id\":\"https:\/\/blaakors.no\/arbeid-og-inkludering\/ansatte\/#breadcrumb\",\"itemListElement\":[{\"@type\":\"ListItem\",\"position\":1,\"name\":\"Hjem\",\"item\":\"https:\/\/blaakors.no\/arbeid-og-inkludering\/\"},{\"@type\":\"ListItem\",\"position\":2,\"name\":\"Ansatte\"}]},{\"@type\":\"WebSite\",\"@id\":\"https:\/\/blaakors.no\/arbeid-og-inkludering\/#website\",\"url\":\"https:\/\/blaakors.no\/arbeid-og-inkludering\/\",\"name\":\"Arbeid og inkludering\",\"description\":\"I sentrum st\u00e5r et menneske\",\"publisher\":{\"@id\":\"https:\/\/blaakors.no\/arbeid-og-inkludering\/#organization\"},\"potentialAction\":[{\"@type\":\"SearchAction\",\"target\":{\"@type\":\"EntryPoint\",\"urlTemplate\":\"https:\/\/blaakors.no\/arbeid-og-inkludering\/?s={search_term_string}\"},\"query-input\":{\"@type\":\"PropertyValueSpecification\",\"valueRequired\":true,\"valueName\":\"search_term_string\"}}],\"inLanguage\":\"nb-NO\"},{\"@type\":\"Organization\",\"@id\":\"https:\/\/blaakors.no\/arbeid-og-inkludering\/#organization\",\"name\":\"Arbeid og inkludering\",\"url\":\"https:\/\/blaakors.no\/arbeid-og-inkludering\/\",\"logo\":{\"@type\":\"ImageObject\",\"inLanguage\":\"nb-NO\",\"@id\":\"https:\/\/blaakors.no\/arbeid-og-inkludering\/#\/schema\/logo\/image\/\",\"url\":\"https:\/\/blaakors.no\/arbeid-og-inkludering\/wp-content\/uploads\/sites\/2\/2024\/09\/Bla-kors-logo-fredrikstad.svg\",\"contentUrl\":\"https:\/\/blaakors.no\/arbeid-og-inkludering\/wp-content\/uploads\/sites\/2\/2024\/09\/Bla-kors-logo-fredrikstad.svg\",\"caption\":\"Arbeid og inkludering\"},\"image\":{\"@id\":\"https:\/\/blaakors.no\/arbeid-og-inkludering\/#\/schema\/logo\/image\/\"}}]}<\/script>\n<!-- \/ Yoast SEO plugin. -->","yoast_head_json":{"title":"Ansatte - Arbeid og inkludering","robots":{"index":"index","follow":"follow","max-snippet":"max-snippet:-1","max-image-preview":"max-image-preview:large","max-video-preview":"max-video-preview:-1"},"canonical":"https:\/\/blaakors.no\/arbeid-og-inkludering\/ansatte\/","og_locale":"nb_NO","og_type":"article","og_title":"Ansatte - Arbeid og inkludering","og_description":"M\u00f8t v\u00e5re ansatte V\u00e5re ansatte representerer en bred kompetanse innen karri\u00e8reveiledning, kartlegging og oppl\u00e6ring i basisferdigheter, tilrettelegging og muligheter hos arbeidsgiver. Vi har sv\u00e6rt god kjennskap til arbeidsmarkedet i Nedre Glomma regionen, og har mange gode samarbeidspartnere i n\u00e6ringslivet. Atle Engsmyr VirksomhetslederMobil: 92 61 65 38atle.engsmyr@blaakors.no Avdeling Fredrikstad Elin Marie Liholt AvdelingslederMobil: 94 05 50 [&hellip;]","og_url":"https:\/\/blaakors.no\/arbeid-og-inkludering\/ansatte\/","og_site_name":"Arbeid og inkludering","article_modified_time":"2026-03-05T11:47:50+00:00","og_image":[{"width":900,"height":900,"url":"https:\/\/blaakors.no\/arbeid-og-inkludering\/wp-content\/uploads\/sites\/2\/2024\/08\/high_five_f.png","type":"image\/png"}],"twitter_card":"summary_large_image","twitter_misc":{"Ansl. lesetid":"9 minutter"},"schema":{"@context":"https:\/\/schema.org","@graph":[{"@type":"WebPage","@id":"https:\/\/blaakors.no\/arbeid-og-inkludering\/ansatte\/","url":"https:\/\/blaakors.no\/arbeid-og-inkludering\/ansatte\/","name":"Ansatte - Arbeid og inkludering","isPartOf":{"@id":"https:\/\/blaakors.no\/arbeid-og-inkludering\/#website"},"primaryImageOfPage":{"@id":"https:\/\/blaakors.no\/arbeid-og-inkludering\/ansatte\/#primaryimage"},"image":{"@id":"https:\/\/blaakors.no\/arbeid-og-inkludering\/ansatte\/#primaryimage"},"thumbnailUrl":"https:\/\/blaakors.no\/arbeid-og-inkludering\/wp-content\/uploads\/sites\/2\/2024\/08\/high_five_f.png","datePublished":"2024-08-22T11:47:54+00:00","dateModified":"2026-03-05T11:47:50+00:00","breadcrumb":{"@id":"https:\/\/blaakors.no\/arbeid-og-inkludering\/ansatte\/#breadcrumb"},"inLanguage":"nb-NO","potentialAction":[{"@type":"ReadAction","target":["https:\/\/blaakors.no\/arbeid-og-inkludering\/ansatte\/"]}]},{"@type":"ImageObject","inLanguage":"nb-NO","@id":"https:\/\/blaakors.no\/arbeid-og-inkludering\/ansatte\/#primaryimage","url":"https:\/\/blaakors.no\/arbeid-og-inkludering\/wp-content\/uploads\/sites\/2\/2024\/08\/high_five_f.png","contentUrl":"https:\/\/blaakors.no\/arbeid-og-inkludering\/wp-content\/uploads\/sites\/2\/2024\/08\/high_five_f.png","width":900,"height":900},{"@type":"BreadcrumbList","@id":"https:\/\/blaakors.no\/arbeid-og-inkludering\/ansatte\/#breadcrumb","itemListElement":[{"@type":"ListItem","position":1,"name":"Hjem","item":"https:\/\/blaakors.no\/arbeid-og-inkludering\/"},{"@type":"ListItem","position":2,"name":"Ansatte"}]},{"@type":"WebSite","@id":"https:\/\/blaakors.no\/arbeid-og-inkludering\/#website","url":"https:\/\/blaakors.no\/arbeid-og-inkludering\/","name":"Arbeid og inkludering","description":"I sentrum st\u00e5r et menneske","publisher":{"@id":"https:\/\/blaakors.no\/arbeid-og-inkludering\/#organization"},"potentialAction":[{"@type":"SearchAction","target":{"@type":"EntryPoint","urlTemplate":"https:\/\/blaakors.no\/arbeid-og-inkludering\/?s={search_term_string}"},"query-input":{"@type":"PropertyValueSpecification","valueRequired":true,"valueName":"search_term_string"}}],"inLanguage":"nb-NO"},{"@type":"Organization","@id":"https:\/\/blaakors.no\/arbeid-og-inkludering\/#organization","name":"Arbeid og inkludering","url":"https:\/\/blaakors.no\/arbeid-og-inkludering\/","logo":{"@type":"ImageObject","inLanguage":"nb-NO","@id":"https:\/\/blaakors.no\/arbeid-og-inkludering\/#\/schema\/logo\/image\/","url":"https:\/\/blaakors.no\/arbeid-og-inkludering\/wp-content\/uploads\/sites\/2\/2024\/09\/Bla-kors-logo-fredrikstad.svg","contentUrl":"https:\/\/blaakors.no\/arbeid-og-inkludering\/wp-content\/uploads\/sites\/2\/2024\/09\/Bla-kors-logo-fredrikstad.svg","caption":"Arbeid og inkludering"},"image":{"@id":"https:\/\/blaakors.no\/arbeid-og-inkludering\/#\/schema\/logo\/image\/"}}]}},"_links":{"self":[{"href":"https:\/\/blaakors.no\/arbeid-og-inkludering\/wp-json\/wp\/v2\/pages\/1614","targetHints":{"allow":["GET"]}}],"collection":[{"href":"https:\/\/blaakors.no\/arbeid-og-inkludering\/wp-json\/wp\/v2\/pages"}],"about":[{"href":"https:\/\/blaakors.no\/arbeid-og-inkludering\/wp-json\/wp\/v2\/types\/page"}],"author":[{"embeddable":true,"href":"https:\/\/blaakors.no\/arbeid-og-inkludering\/wp-json\/wp\/v2\/users\/1"}],"replies":[{"embeddable":true,"href":"https:\/\/blaakors.no\/arbeid-og-inkludering\/wp-json\/wp\/v2\/comments?post=1614"}],"version-history":[{"count":81,"href":"https:\/\/blaakors.no\/arbeid-og-inkludering\/wp-json\/wp\/v2\/pages\/1614\/revisions"}],"predecessor-version":[{"id":2286,"href":"https:\/\/blaakors.no\/arbeid-og-inkludering\/wp-json\/wp\/v2\/pages\/1614\/revisions\/2286"}],"wp:attachment":[{"href":"https:\/\/blaakors.no\/arbeid-og-inkludering\/wp-json\/wp\/v2\/media?parent=1614"}],"curies":[{"name":"wp","href":"https:\/\/api.w.org\/{rel}","templated":true}]}}