{"id":8,"date":"2024-08-21T10:59:56","date_gmt":"2024-08-21T10:59:56","guid":{"rendered":"https:\/\/blaakors.no\/arbeid-og-inkludering\/?page_id=8"},"modified":"2024-10-18T12:09:36","modified_gmt":"2024-10-18T12:09:36","slug":"forside","status":"publish","type":"page","link":"https:\/\/blaakors.no\/arbeid-og-inkludering\/","title":{"rendered":"Forside"},"content":{"rendered":"\n<div class=\"wp-block-group alignfull has-light-beige-background-color has-background is-layout-flow wp-block-group-is-layout-flow\" style=\"padding-top:0;padding-right:0;padding-bottom:0;padding-left:0\">\n<div class=\"wp-block-group has-global-padding is-layout-constrained wp-block-group-is-layout-constrained\" style=\"padding-top:var(--wp--preset--spacing--50);padding-bottom:var(--wp--preset--spacing--50)\">\n<div style=\"height:130px\" aria-hidden=\"true\" class=\"wp-block-spacer\"><\/div>\n\n\n\n<div class=\"wp-block-columns alignwide is-layout-flex wp-container-core-columns-is-layout-1 wp-block-columns-is-layout-flex\">\n<div class=\"wp-block-column is-vertically-aligned-center is-layout-flow wp-block-column-is-layout-flow\">\n<h2 class=\"wp-block-heading has-sentinel-font-family\">Arbeid og inkludering, Fredrikstad og Sarpsborg<\/h2>\n\n\n\n<p>Med kunnskap, hjerte og kraft skaper Bl\u00e5 Kors muligheter for mestring og mening<\/p>\n\n\n\n<div class=\"wp-block-buttons is-layout-flex wp-block-buttons-is-layout-flex\">\n<div class=\"wp-block-button\"><a class=\"wp-block-button__link has-medium-green-background-color has-background wp-element-button\" href=\"https:\/\/blaakors.no\/arbeid-og-inkludering\/hvem-er-vi\/\">Hvem er vi <img loading=\"lazy\" decoding=\"async\" width=\"22\" height=\"17\" class=\"wp-image-1702\" style=\"width: 22px\" src=\"https:\/\/blaakors.no\/arbeid-og-inkludering\/wp-content\/uploads\/sites\/2\/2024\/09\/arrow-right.svg\" alt=\"\"><\/a><\/div>\n<\/div>\n<\/div>\n\n\n\n<div class=\"wp-block-column is-layout-flow wp-block-column-is-layout-flow\" style=\"flex-basis:20px\"><\/div>\n\n\n\n<div class=\"wp-block-column hide-mobile is-layout-flow wp-block-column-is-layout-flow\" style=\"flex-basis:50px\"><\/div>\n\n\n\n<div class=\"wp-block-column is-layout-flow wp-block-column-is-layout-flow\">\n<figure class=\"wp-block-image size-large\"><img loading=\"lazy\" decoding=\"async\" width=\"1024\" height=\"683\" src=\"https:\/\/blaakors.no\/arbeid-og-inkludering\/wp-content\/uploads\/sites\/2\/2024\/08\/startup-g430e6f95b_1920-1024x683.jpg\" alt=\"\" class=\"wp-image-373\" srcset=\"https:\/\/blaakors.no\/arbeid-og-inkludering\/wp-content\/uploads\/sites\/2\/2024\/08\/startup-g430e6f95b_1920-1024x683.jpg 1024w, https:\/\/blaakors.no\/arbeid-og-inkludering\/wp-content\/uploads\/sites\/2\/2024\/08\/startup-g430e6f95b_1920-300x200.jpg 300w, https:\/\/blaakors.no\/arbeid-og-inkludering\/wp-content\/uploads\/sites\/2\/2024\/08\/startup-g430e6f95b_1920-768x512.jpg 768w, https:\/\/blaakors.no\/arbeid-og-inkludering\/wp-content\/uploads\/sites\/2\/2024\/08\/startup-g430e6f95b_1920-1536x1024.jpg 1536w, https:\/\/blaakors.no\/arbeid-og-inkludering\/wp-content\/uploads\/sites\/2\/2024\/08\/startup-g430e6f95b_1920.jpg 1920w\" sizes=\"auto, (max-width: 1024px) 100vw, 1024px\" \/><\/figure>\n<\/div>\n<\/div>\n<\/div>\n<\/div>\n\n\n\n<div class=\"wp-block-group alignfull eplus-wrapper has-beige-background-color has-background has-global-padding is-layout-constrained wp-block-group-is-layout-constrained\" style=\"padding-top:var(--wp--preset--spacing--20);padding-bottom:var(--wp--preset--spacing--20)\">\n<div style=\"height:62px\" aria-hidden=\"true\" class=\"wp-block-spacer\"><\/div>\n\n\n\n<div class=\"wp-block-group eplus-wrapper has-global-padding is-layout-constrained wp-block-group-is-layout-constrained\">\n<div class=\"wp-block-columns alignwide eplus-wrapper is-layout-flex wp-container-core-columns-is-layout-2 wp-block-columns-is-layout-flex\">\n<div class=\"wp-block-column eplus-wrapper is-layout-flow wp-block-column-is-layout-flow\" style=\"flex-basis:50%\">\n<h3 class=\"wp-block-heading eplus-wrapper has-sentinel-font-family\">Siste nytt<\/h3>\n<\/div>\n\n\n\n<div class=\"wp-block-column eplus-wrapper mobile-align-left is-layout-flow wp-block-column-is-layout-flow\" style=\"flex-basis:50%\">\n<div class=\"wp-block-buttons eplus-wrapper is-content-justification-right is-layout-flex wp-container-core-buttons-is-layout-2 wp-block-buttons-is-layout-flex\">\n<div class=\"wp-block-button eplus-wrapper\"><a class=\"wp-block-button__link has-dark-blue-color has-light-blue-background-color has-text-color has-background wp-element-button\" href=\"https:\/\/blaakors.no\/arbeid-og-inkludering\/aktuelt\/\">Se alle nyhetssaker <img loading=\"lazy\" decoding=\"async\" width=\"22\" height=\"17\" class=\"wp-image-1702\" style=\"width: 22px\" src=\"https:\/\/blaakors.no\/arbeid-og-inkludering\/wp-content\/uploads\/sites\/2\/2024\/09\/arrow-right.svg\" alt=\"\"><\/a><\/div>\n<\/div>\n<\/div>\n<\/div>\n\n\n\n<div style=\"height:20px\" aria-hidden=\"true\" class=\"wp-block-spacer\"><\/div>\n\n\n\n<hr class=\"wp-block-separator alignwide has-text-color has-blue-color has-alpha-channel-opacity has-blue-background-color has-background is-style-wide\" \/>\n<\/div>\n\n\n\n<div style=\"height:36px\" aria-hidden=\"true\" class=\"wp-block-spacer\"><\/div>\n<\/div>\n\n\n\n<div class=\"wp-block-group alignfull eplus-wrapper has-beige-background-color has-background is-layout-flow wp-block-group-is-layout-flow\">\n<div class=\"wp-block-group eplus-wrapper has-global-padding is-layout-constrained wp-block-group-is-layout-constrained\">\n<div class=\"wp-block-columns eplus-wrapper is-layout-flex wp-container-core-columns-is-layout-3 wp-block-columns-is-layout-flex\">\n<div class=\"wp-block-column fade-scale-in eplus-wrapper is-layout-flow wp-block-column-is-layout-flow\">\n<div class=\"wp-block-query eplus-wrapper is-layout-flow wp-block-query-is-layout-flow\"><ul class=\"columns-3 wp-block-post-template is-layout-grid wp-container-core-post-template-is-layout-1 wp-block-post-template-is-layout-grid\"><li class=\"wp-block-post post-2287 post type-post status-publish format-standard has-post-thumbnail hentry category-uncategorized\">\n<figure class=\"alignwide shine grow-on-hover wp-block-post-featured-image\"><a href=\"https:\/\/blaakors.no\/arbeid-og-inkludering\/fremtidens-arbeidsmarked-og-hvordan-inkludering-er-god-butikk\/\" target=\"_self\"  ><img loading=\"lazy\" decoding=\"async\" width=\"1600\" height=\"1067\" src=\"https:\/\/blaakors.no\/arbeid-og-inkludering\/wp-content\/uploads\/sites\/2\/2026\/04\/Frokostmote_web-23-ny.jpg\" class=\"attachment-post-thumbnail size-post-thumbnail wp-post-image\" alt=\"Fremtidens arbeidsmarked og hvordan inkludering er god butikk\" style=\"border-radius:0px;object-fit:contain;\" srcset=\"https:\/\/blaakors.no\/arbeid-og-inkludering\/wp-content\/uploads\/sites\/2\/2026\/04\/Frokostmote_web-23-ny.jpg 1600w, https:\/\/blaakors.no\/arbeid-og-inkludering\/wp-content\/uploads\/sites\/2\/2026\/04\/Frokostmote_web-23-ny-300x200.jpg 300w, https:\/\/blaakors.no\/arbeid-og-inkludering\/wp-content\/uploads\/sites\/2\/2026\/04\/Frokostmote_web-23-ny-1024x683.jpg 1024w, https:\/\/blaakors.no\/arbeid-og-inkludering\/wp-content\/uploads\/sites\/2\/2026\/04\/Frokostmote_web-23-ny-768x512.jpg 768w, https:\/\/blaakors.no\/arbeid-og-inkludering\/wp-content\/uploads\/sites\/2\/2026\/04\/Frokostmote_web-23-ny-1536x1024.jpg 1536w\" sizes=\"auto, (max-width: 1600px) 100vw, 1600px\" \/><\/a><\/figure>\n\n<div style=\"text-transform:uppercase;\" class=\"wp-block-post-date\"><time datetime=\"2026-04-17T11:55:38+00:00\">april 17, 2026<\/time><\/div>\n\n<h3 class=\"wp-block-post-title has-sentinel-font-family\"><a href=\"https:\/\/blaakors.no\/arbeid-og-inkludering\/fremtidens-arbeidsmarked-og-hvordan-inkludering-er-god-butikk\/\" target=\"_self\" >Fremtidens arbeidsmarked og hvordan inkludering er god butikk<\/a><\/h3>\n\n<div class=\"wp-block-post-excerpt\"><p class=\"wp-block-post-excerpt__excerpt\">Frokostm\u00f8te 16. april 2026 Hva skal egentlig til for \u00e5 gi flere en sjanse, og samtidig bygge en l\u00f8nnsom bedrift? Torsdag morgen samlet Bl\u00e5 Kors&hellip;<\/p><p class=\"wp-block-post-excerpt__more-text\"><a class=\"wp-block-post-excerpt__more-link\" href=\"https:\/\/blaakors.no\/arbeid-og-inkludering\/fremtidens-arbeidsmarked-og-hvordan-inkludering-er-god-butikk\/\">I<\/a><\/p><\/div>\n<\/li><li class=\"wp-block-post post-2263 post type-post status-publish format-standard has-post-thumbnail hentry category-uncategorized\">\n<figure class=\"alignwide shine grow-on-hover wp-block-post-featured-image\"><a href=\"https:\/\/blaakors.no\/arbeid-og-inkludering\/manstad-kjott-lofter-unge-inn-i-arbeid-polsefaget-har-alltid-plass-til-folk-som-trenger-en-ny-sjanse\/\" target=\"_self\"  ><img loading=\"lazy\" decoding=\"async\" width=\"640\" height=\"404\" src=\"https:\/\/blaakors.no\/arbeid-og-inkludering\/wp-content\/uploads\/sites\/2\/2025\/12\/Monica-Bjorn-cato-og-Vidar-e1765192705935.jpg\" class=\"attachment-post-thumbnail size-post-thumbnail wp-post-image\" alt=\"Manstad Kj\u00f8tt l\u00f8fter unge inn i arbeid:                       \u2013 P\u00f8lsefaget har alltid plass til folk som trenger en ny sjanse\u00a0\" style=\"border-radius:0px;object-fit:contain;\" srcset=\"https:\/\/blaakors.no\/arbeid-og-inkludering\/wp-content\/uploads\/sites\/2\/2025\/12\/Monica-Bjorn-cato-og-Vidar-e1765192705935.jpg 640w, https:\/\/blaakors.no\/arbeid-og-inkludering\/wp-content\/uploads\/sites\/2\/2025\/12\/Monica-Bjorn-cato-og-Vidar-e1765192705935-300x189.jpg 300w\" sizes=\"auto, (max-width: 640px) 100vw, 640px\" \/><\/a><\/figure>\n\n<div style=\"text-transform:uppercase;\" class=\"wp-block-post-date\"><time datetime=\"2025-12-08T11:15:49+00:00\">desember 8, 2025<\/time><\/div>\n\n<h3 class=\"wp-block-post-title has-sentinel-font-family\"><a href=\"https:\/\/blaakors.no\/arbeid-og-inkludering\/manstad-kjott-lofter-unge-inn-i-arbeid-polsefaget-har-alltid-plass-til-folk-som-trenger-en-ny-sjanse\/\" target=\"_self\" >Manstad Kj\u00f8tt l\u00f8fter unge inn i arbeid:                       \u2013 P\u00f8lsefaget har alltid plass til folk som trenger en ny sjanse\u00a0<\/a><\/h3>\n\n<div class=\"wp-block-post-excerpt\"><p class=\"wp-block-post-excerpt__excerpt\">I en tid der mange unge faller utenfor arbeidslivet, g\u00e5r Manstad Kj\u00f8tt AS foran som et lokalt eksempel p\u00e5 hvordan tradisjon, fagkompetanse og inkluderingsvilje kan&hellip;<\/p><p class=\"wp-block-post-excerpt__more-text\"><a class=\"wp-block-post-excerpt__more-link\" href=\"https:\/\/blaakors.no\/arbeid-og-inkludering\/manstad-kjott-lofter-unge-inn-i-arbeid-polsefaget-har-alltid-plass-til-folk-som-trenger-en-ny-sjanse\/\">I<\/a><\/p><\/div>\n<\/li><li class=\"wp-block-post post-2226 post type-post status-publish format-standard has-post-thumbnail hentry category-arbeid-og-inkludering\">\n<figure class=\"alignwide shine grow-on-hover wp-block-post-featured-image\"><a href=\"https:\/\/blaakors.no\/arbeid-og-inkludering\/ufore-christian-29-er-en-viktig-ressurs-pa-smedbakken-sykehjem\/\" target=\"_self\"  ><img loading=\"lazy\" decoding=\"async\" width=\"1600\" height=\"1067\" src=\"https:\/\/blaakors.no\/arbeid-og-inkludering\/wp-content\/uploads\/sites\/2\/2025\/05\/Smedbakken_web-3.jpg\" class=\"attachment-post-thumbnail size-post-thumbnail wp-post-image\" alt=\"Uf\u00f8re Christian (29) er en viktig ressurs p\u00e5 Smedbakken sykehjem\" style=\"border-radius:0px;object-fit:contain;\" srcset=\"https:\/\/blaakors.no\/arbeid-og-inkludering\/wp-content\/uploads\/sites\/2\/2025\/05\/Smedbakken_web-3.jpg 1600w, https:\/\/blaakors.no\/arbeid-og-inkludering\/wp-content\/uploads\/sites\/2\/2025\/05\/Smedbakken_web-3-300x200.jpg 300w, https:\/\/blaakors.no\/arbeid-og-inkludering\/wp-content\/uploads\/sites\/2\/2025\/05\/Smedbakken_web-3-1024x683.jpg 1024w, https:\/\/blaakors.no\/arbeid-og-inkludering\/wp-content\/uploads\/sites\/2\/2025\/05\/Smedbakken_web-3-768x512.jpg 768w, https:\/\/blaakors.no\/arbeid-og-inkludering\/wp-content\/uploads\/sites\/2\/2025\/05\/Smedbakken_web-3-1536x1024.jpg 1536w\" sizes=\"auto, (max-width: 1600px) 100vw, 1600px\" \/><\/a><\/figure>\n\n<div style=\"text-transform:uppercase;\" class=\"wp-block-post-date\"><time datetime=\"2025-05-26T05:11:36+00:00\">mai 26, 2025<\/time><\/div>\n\n<h3 class=\"wp-block-post-title has-sentinel-font-family\"><a href=\"https:\/\/blaakors.no\/arbeid-og-inkludering\/ufore-christian-29-er-en-viktig-ressurs-pa-smedbakken-sykehjem\/\" target=\"_self\" >Uf\u00f8re Christian (29) er en viktig ressurs p\u00e5 Smedbakken sykehjem<\/a><\/h3>\n\n<div class=\"wp-block-post-excerpt\"><p class=\"wp-block-post-excerpt__excerpt\">\u2013 At jeg har f\u00e5tt noe fast \u00e5 g\u00e5 til har endret livet mitt til det bedre. Men jeg hadde aldri v\u00e6rt her jeg er&hellip;<\/p><p class=\"wp-block-post-excerpt__more-text\"><a class=\"wp-block-post-excerpt__more-link\" href=\"https:\/\/blaakors.no\/arbeid-og-inkludering\/ufore-christian-29-er-en-viktig-ressurs-pa-smedbakken-sykehjem\/\">I<\/a><\/p><\/div>\n<\/li><\/ul><\/div>\n<\/div>\n<\/div>\n<\/div>\n\n\n\n<div style=\"height:55px\" aria-hidden=\"true\" class=\"wp-block-spacer eplus-wrapper\"><\/div>\n\n\n\n<div style=\"height:50px\" aria-hidden=\"true\" class=\"wp-block-spacer eplus-wrapper hide-mobile\"><\/div>\n<\/div>\n\n\n\n<div style=\"height:50px\" aria-hidden=\"true\" class=\"wp-block-spacer\"><\/div>\n\n\n\n<div style=\"height:50px\" aria-hidden=\"true\" class=\"wp-block-spacer hide-mobile\"><\/div>\n\n\n\n<div class=\"wp-block-group has-global-padding is-layout-constrained wp-block-group-is-layout-constrained\">\n<div class=\"wp-block-group alignwide is-layout-flow wp-block-group-is-layout-flow\">\n<div class=\"wp-block-columns is-layout-flex wp-container-core-columns-is-layout-7 wp-block-columns-is-layout-flex\">\n<div class=\"wp-block-column is-layout-flow wp-container-core-column-is-layout-10 wp-block-column-is-layout-flow\" style=\"border-style:none;border-width:0px;padding-top:0;padding-right:0;padding-bottom:0;padding-left:0\">\n<a class=\"boxes\" href=\"https:\/\/blaakors.no\/arbeid-og-inkludering\/for-veisoker\/\">\n\n\n\n<div class=\"wp-block-columns has-grey-background-color has-background is-layout-flex wp-container-core-columns-is-layout-4 wp-block-columns-is-layout-flex\" style=\"border-top-left-radius:15px;border-top-right-radius:15px\">\n<div class=\"wp-block-column is-layout-flow wp-block-column-is-layout-flow\" style=\"padding-top:var(--wp--preset--spacing--20);padding-right:0;padding-bottom:var(--wp--preset--spacing--20);padding-left:0\">\n<figure class=\"wp-block-image size-large arrow\"><img loading=\"lazy\" decoding=\"async\" width=\"39\" height=\"39\" src=\"https:\/\/blaakors.no\/arbeid-og-inkludering\/wp-content\/uploads\/sites\/2\/2024\/09\/arrow-circle.svg\" alt=\"\" class=\"wp-image-1769\" \/><\/figure>\n\n\n\n<h3 class=\"wp-block-heading has-sentinel-font-family\">For veis\u00f8kere<\/h3>\n<\/div>\n<\/div>\n\n\n\n<figure class=\"wp-block-image size-full has-custom-border shine\"><img loading=\"lazy\" decoding=\"async\" width=\"800\" height=\"800\" src=\"https:\/\/blaakors.no\/arbeid-og-inkludering\/wp-content\/uploads\/sites\/2\/2024\/08\/skeidar_1-1-1.jpg\" alt=\"\" class=\"wp-image-1567\" style=\"border-top-left-radius:0px;border-top-right-radius:0px;border-bottom-left-radius:15px;border-bottom-right-radius:15px;aspect-ratio:3\/2;object-fit:cover\" srcset=\"https:\/\/blaakors.no\/arbeid-og-inkludering\/wp-content\/uploads\/sites\/2\/2024\/08\/skeidar_1-1-1.jpg 800w, https:\/\/blaakors.no\/arbeid-og-inkludering\/wp-content\/uploads\/sites\/2\/2024\/08\/skeidar_1-1-1-300x300.jpg 300w, https:\/\/blaakors.no\/arbeid-og-inkludering\/wp-content\/uploads\/sites\/2\/2024\/08\/skeidar_1-1-1-150x150.jpg 150w, https:\/\/blaakors.no\/arbeid-og-inkludering\/wp-content\/uploads\/sites\/2\/2024\/08\/skeidar_1-1-1-768x768.jpg 768w\" sizes=\"auto, (max-width: 800px) 100vw, 800px\" \/><\/figure>\n\n\n\n<\/a>\n<\/div>\n\n\n\n<div class=\"wp-block-column is-layout-flow wp-container-core-column-is-layout-12 wp-block-column-is-layout-flow\" style=\"border-style:none;border-width:0px;padding-top:0;padding-right:0;padding-bottom:0;padding-left:0\">\n<a class=\"boxes\" href=\"https:\/\/blaakors.no\/arbeid-og-inkludering\/for-bedrift\/\">\n\n\n\n<div class=\"wp-block-columns has-grey-background-color has-background is-layout-flex wp-container-core-columns-is-layout-5 wp-block-columns-is-layout-flex\" style=\"border-top-left-radius:15px;border-top-right-radius:15px\">\n<div class=\"wp-block-column is-layout-flow wp-block-column-is-layout-flow\" style=\"padding-top:var(--wp--preset--spacing--20);padding-right:0;padding-bottom:var(--wp--preset--spacing--20);padding-left:0\">\n<figure class=\"wp-block-image size-large arrow\"><img loading=\"lazy\" decoding=\"async\" width=\"39\" height=\"39\" src=\"https:\/\/blaakors.no\/arbeid-og-inkludering\/wp-content\/uploads\/sites\/2\/2024\/09\/arrow-circle.svg\" alt=\"\" class=\"wp-image-1769\" \/><\/figure>\n\n\n\n<h3 class=\"wp-block-heading has-sentinel-font-family\">Ressursbedrift<\/h3>\n<\/div>\n<\/div>\n\n\n\n<figure class=\"wp-block-image size-large has-custom-border shine\"><img loading=\"lazy\" decoding=\"async\" width=\"1024\" height=\"1024\" src=\"https:\/\/blaakors.no\/arbeid-og-inkludering\/wp-content\/uploads\/sites\/2\/2024\/08\/bedrift-illustrasjon-scaled-1-1024x1024.jpg\" alt=\"\" class=\"wp-image-1562\" style=\"border-top-left-radius:0px;border-top-right-radius:0px;border-bottom-left-radius:15px;border-bottom-right-radius:15px;aspect-ratio:3\/2;object-fit:cover\" srcset=\"https:\/\/blaakors.no\/arbeid-og-inkludering\/wp-content\/uploads\/sites\/2\/2024\/08\/bedrift-illustrasjon-scaled-1-1024x1024.jpg 1024w, https:\/\/blaakors.no\/arbeid-og-inkludering\/wp-content\/uploads\/sites\/2\/2024\/08\/bedrift-illustrasjon-scaled-1-300x300.jpg 300w, https:\/\/blaakors.no\/arbeid-og-inkludering\/wp-content\/uploads\/sites\/2\/2024\/08\/bedrift-illustrasjon-scaled-1-150x150.jpg 150w, https:\/\/blaakors.no\/arbeid-og-inkludering\/wp-content\/uploads\/sites\/2\/2024\/08\/bedrift-illustrasjon-scaled-1-768x768.jpg 768w, https:\/\/blaakors.no\/arbeid-og-inkludering\/wp-content\/uploads\/sites\/2\/2024\/08\/bedrift-illustrasjon-scaled-1-1536x1536.jpg 1536w, https:\/\/blaakors.no\/arbeid-og-inkludering\/wp-content\/uploads\/sites\/2\/2024\/08\/bedrift-illustrasjon-scaled-1-2048x2048.jpg 2048w\" sizes=\"auto, (max-width: 1024px) 100vw, 1024px\" \/><\/figure>\n\n\n\n<\/a>\n<\/div>\n\n\n\n<div class=\"wp-block-column is-layout-flow wp-container-core-column-is-layout-14 wp-block-column-is-layout-flow\" style=\"border-style:none;border-width:0px;padding-top:0;padding-right:0;padding-bottom:0;padding-left:0\">\n<a class=\"boxes\" href=\"https:\/\/blaakors.no\/arbeid-og-inkludering\/hvem-er-vi\/\">\n\n\n\n<div class=\"wp-block-columns has-grey-background-color has-background is-layout-flex wp-container-core-columns-is-layout-6 wp-block-columns-is-layout-flex\" style=\"border-top-left-radius:15px;border-top-right-radius:15px\">\n<div class=\"wp-block-column is-layout-flow wp-block-column-is-layout-flow\" style=\"padding-top:var(--wp--preset--spacing--20);padding-right:0px;padding-bottom:var(--wp--preset--spacing--20);padding-left:0px\">\n<figure class=\"wp-block-image size-large arrow\"><img loading=\"lazy\" decoding=\"async\" width=\"39\" height=\"39\" src=\"https:\/\/blaakors.no\/arbeid-og-inkludering\/wp-content\/uploads\/sites\/2\/2024\/09\/arrow-circle.svg\" alt=\"\" class=\"wp-image-1769\" \/><\/figure>\n\n\n\n<h3 class=\"wp-block-heading has-sentinel-font-family\">Hvem er vi<\/h3>\n<\/div>\n<\/div>\n\n\n\n<figure class=\"wp-block-image size-large has-custom-border shine\"><img loading=\"lazy\" decoding=\"async\" width=\"1024\" height=\"683\" src=\"https:\/\/blaakors.no\/arbeid-og-inkludering\/wp-content\/uploads\/sites\/2\/2024\/10\/Miljobilder_Fredrikstad_web-31-1024x683.jpg\" alt=\"\" class=\"wp-image-2106\" style=\"border-top-left-radius:0px;border-top-right-radius:0px;border-bottom-left-radius:15px;border-bottom-right-radius:15px;aspect-ratio:3\/2;object-fit:cover\" srcset=\"https:\/\/blaakors.no\/arbeid-og-inkludering\/wp-content\/uploads\/sites\/2\/2024\/10\/Miljobilder_Fredrikstad_web-31-1024x683.jpg 1024w, https:\/\/blaakors.no\/arbeid-og-inkludering\/wp-content\/uploads\/sites\/2\/2024\/10\/Miljobilder_Fredrikstad_web-31-300x200.jpg 300w, https:\/\/blaakors.no\/arbeid-og-inkludering\/wp-content\/uploads\/sites\/2\/2024\/10\/Miljobilder_Fredrikstad_web-31-768x512.jpg 768w, https:\/\/blaakors.no\/arbeid-og-inkludering\/wp-content\/uploads\/sites\/2\/2024\/10\/Miljobilder_Fredrikstad_web-31-1536x1024.jpg 1536w, https:\/\/blaakors.no\/arbeid-og-inkludering\/wp-content\/uploads\/sites\/2\/2024\/10\/Miljobilder_Fredrikstad_web-31.jpg 1731w\" sizes=\"auto, (max-width: 1024px) 100vw, 1024px\" \/><\/figure>\n\n\n\n<\/a>\n<\/div>\n<\/div>\n<\/div>\n<\/div>\n\n\n\n<div style=\"height:50px\" aria-hidden=\"true\" class=\"wp-block-spacer\"><\/div>\n\n\n\n<div style=\"height:50px\" aria-hidden=\"true\" class=\"wp-block-spacer hide-mobile\"><\/div>\n\n\n\n<div class=\"wp-block-group alignfull has-light-beige-background-color has-background has-global-padding is-layout-constrained wp-block-group-is-layout-constrained\" style=\"padding-top:var(--wp--preset--spacing--50);padding-bottom:var(--wp--preset--spacing--50)\">\n<div class=\"wp-block-group has-global-padding is-layout-constrained wp-block-group-is-layout-constrained\">\n<div class=\"wp-block-columns is-layout-flex wp-container-core-columns-is-layout-8 wp-block-columns-is-layout-flex\">\n<div class=\"wp-block-column is-vertically-aligned-center is-layout-flow wp-block-column-is-layout-flow\" style=\"padding-top:0;padding-bottom:0;flex-basis:80%\">\n<figure class=\"wp-block-pullquote has-text-align-left\"><blockquote><p>Jeg f\u00f8ler meg sett og godt ivaretatt gjennom hele prosessen, b\u00e5de fra jobbkonsulent og nav. <\/p><cite>Kristian, ansatt hos Bedriftsidretten<\/cite><\/blockquote><\/figure>\n<\/div>\n\n\n\n<div class=\"wp-block-column is-vertically-aligned-center is-layout-flow wp-block-column-is-layout-flow\" style=\"flex-basis:20%\">\n<figure class=\"wp-block-image size-large has-custom-border\"><img loading=\"lazy\" decoding=\"async\" width=\"800\" height=\"800\" src=\"https:\/\/blaakors.no\/arbeid-og-inkludering\/wp-content\/uploads\/sites\/2\/2024\/08\/Bedriftsidretten_web-8-edited.jpg\" alt=\"\" class=\"wp-image-1599\" style=\"border-radius:500px\" srcset=\"https:\/\/blaakors.no\/arbeid-og-inkludering\/wp-content\/uploads\/sites\/2\/2024\/08\/Bedriftsidretten_web-8-edited.jpg 800w, https:\/\/blaakors.no\/arbeid-og-inkludering\/wp-content\/uploads\/sites\/2\/2024\/08\/Bedriftsidretten_web-8-edited-300x300.jpg 300w, https:\/\/blaakors.no\/arbeid-og-inkludering\/wp-content\/uploads\/sites\/2\/2024\/08\/Bedriftsidretten_web-8-edited-150x150.jpg 150w, https:\/\/blaakors.no\/arbeid-og-inkludering\/wp-content\/uploads\/sites\/2\/2024\/08\/Bedriftsidretten_web-8-edited-768x768.jpg 768w\" sizes=\"auto, (max-width: 800px) 100vw, 800px\" \/><\/figure>\n<\/div>\n<\/div>\n<\/div>\n\n\n\n<div class=\"wp-block-group container has-global-padding is-layout-constrained wp-block-group-is-layout-constrained\">\n<div class=\"wp-block-columns is-layout-flex wp-container-core-columns-is-layout-9 wp-block-columns-is-layout-flex\">\n<div class=\"wp-block-column is-vertically-aligned-center order-2-small is-layout-flow wp-block-column-is-layout-flow\" style=\"flex-basis:20%\">\n<figure class=\"wp-block-image size-large has-custom-border is-style-rounded is-style-rounded--1\"><img loading=\"lazy\" decoding=\"async\" width=\"800\" height=\"800\" src=\"https:\/\/blaakors.no\/arbeid-og-inkludering\/wp-content\/uploads\/sites\/2\/2024\/08\/Europris_web-6-edited.jpg\" alt=\"\" class=\"wp-image-1596\" style=\"border-radius:888px\" srcset=\"https:\/\/blaakors.no\/arbeid-og-inkludering\/wp-content\/uploads\/sites\/2\/2024\/08\/Europris_web-6-edited.jpg 800w, https:\/\/blaakors.no\/arbeid-og-inkludering\/wp-content\/uploads\/sites\/2\/2024\/08\/Europris_web-6-edited-300x300.jpg 300w, https:\/\/blaakors.no\/arbeid-og-inkludering\/wp-content\/uploads\/sites\/2\/2024\/08\/Europris_web-6-edited-150x150.jpg 150w, https:\/\/blaakors.no\/arbeid-og-inkludering\/wp-content\/uploads\/sites\/2\/2024\/08\/Europris_web-6-edited-768x768.jpg 768w\" sizes=\"auto, (max-width: 800px) 100vw, 800px\" \/><\/figure>\n<\/div>\n\n\n\n<div class=\"wp-block-column is-vertically-aligned-center is-layout-flow wp-block-column-is-layout-flow\" style=\"flex-basis:80%\">\n<figure class=\"wp-block-pullquote has-text-align-left has-work-sans-font-family\"><blockquote><p>Det er s\u00e5 mye ressurser der ute. Alle fortjener en ny sjanse i arbeidslivet om de har havnet utenfor.<\/p><cite>Eldin, butikksjef Europris Sarpsborg, Tunejordet<\/cite><\/blockquote><\/figure>\n<\/div>\n<\/div>\n<\/div>\n<\/div>\n","protected":false},"excerpt":{"rendered":"<p>Arbeid og inkludering, Fredrikstad og Sarpsborg Med kunnskap, hjerte og kraft skaper Bl\u00e5 Kors muligheter for mestring og mening Siste nytt For veis\u00f8kere Ressursbedrift Hvem er vi Jeg f\u00f8ler meg sett og godt ivaretatt gjennom hele prosessen, b\u00e5de fra jobbkonsulent og nav. Kristian, ansatt hos Bedriftsidretten Det er s\u00e5 mye ressurser der ute. Alle fortjener [&hellip;]<\/p>\n","protected":false},"author":1,"featured_media":373,"parent":0,"menu_order":0,"comment_status":"closed","ping_status":"closed","template":"","meta":{"inline_featured_image":false,"_exactmetrics_skip_tracking":false,"_exactmetrics_sitenote_active":false,"_exactmetrics_sitenote_note":"","_exactmetrics_sitenote_category":0,"footnotes":""},"class_list":["post-8","page","type-page","status-publish","has-post-thumbnail","hentry"],"yoast_head":"<!-- This site is optimized with the Yoast SEO plugin v26.6 - https:\/\/yoast.com\/wordpress\/plugins\/seo\/ -->\n<title>Arbeid og inkludering - I sentrum st\u00e5r et menneske<\/title>\n<meta name=\"robots\" content=\"index, follow, max-snippet:-1, max-image-preview:large, max-video-preview:-1\" \/>\n<link rel=\"canonical\" href=\"https:\/\/blaakors.no\/arbeid-og-inkludering\/\" \/>\n<meta property=\"og:locale\" content=\"nb_NO\" \/>\n<meta property=\"og:type\" content=\"article\" \/>\n<meta property=\"og:title\" content=\"Arbeid og inkludering - I sentrum st\u00e5r et menneske\" \/>\n<meta property=\"og:description\" content=\"Arbeid og inkludering, Fredrikstad og Sarpsborg Med kunnskap, hjerte og kraft skaper Bl\u00e5 Kors muligheter for mestring og mening Siste nytt For veis\u00f8kere Ressursbedrift Hvem er vi Jeg f\u00f8ler meg sett og godt ivaretatt gjennom hele prosessen, b\u00e5de fra jobbkonsulent og nav. Kristian, ansatt hos Bedriftsidretten Det er s\u00e5 mye ressurser der ute. Alle fortjener [&hellip;]\" \/>\n<meta property=\"og:url\" content=\"https:\/\/blaakors.no\/arbeid-og-inkludering\/\" \/>\n<meta property=\"og:site_name\" content=\"Arbeid og inkludering\" \/>\n<meta property=\"article:modified_time\" content=\"2024-10-18T12:09:36+00:00\" \/>\n<meta property=\"og:image\" content=\"https:\/\/blaakors.no\/arbeid-og-inkludering\/wp-content\/uploads\/sites\/2\/2024\/08\/startup-g430e6f95b_1920.jpg\" \/>\n\t<meta property=\"og:image:width\" content=\"1920\" \/>\n\t<meta property=\"og:image:height\" content=\"1280\" \/>\n\t<meta property=\"og:image:type\" content=\"image\/jpeg\" \/>\n<meta name=\"twitter:card\" content=\"summary_large_image\" \/>\n<meta name=\"twitter:label1\" content=\"Ansl. lesetid\" \/>\n\t<meta name=\"twitter:data1\" content=\"3 minutter\" \/>\n<script type=\"application\/ld+json\" class=\"yoast-schema-graph\">{\"@context\":\"https:\/\/schema.org\",\"@graph\":[{\"@type\":\"WebPage\",\"@id\":\"https:\/\/blaakors.no\/arbeid-og-inkludering\/\",\"url\":\"https:\/\/blaakors.no\/arbeid-og-inkludering\/\",\"name\":\"Arbeid og inkludering - I sentrum st\u00e5r et menneske\",\"isPartOf\":{\"@id\":\"https:\/\/blaakors.no\/arbeid-og-inkludering\/#website\"},\"primaryImageOfPage\":{\"@id\":\"https:\/\/blaakors.no\/arbeid-og-inkludering\/#primaryimage\"},\"image\":{\"@id\":\"https:\/\/blaakors.no\/arbeid-og-inkludering\/#primaryimage\"},\"thumbnailUrl\":\"https:\/\/blaakors.no\/arbeid-og-inkludering\/wp-content\/uploads\/sites\/2\/2024\/08\/startup-g430e6f95b_1920.jpg\",\"datePublished\":\"2024-08-21T10:59:56+00:00\",\"dateModified\":\"2024-10-18T12:09:36+00:00\",\"breadcrumb\":{\"@id\":\"https:\/\/blaakors.no\/arbeid-og-inkludering\/#breadcrumb\"},\"inLanguage\":\"nb-NO\",\"potentialAction\":[{\"@type\":\"ReadAction\",\"target\":[\"https:\/\/blaakors.no\/arbeid-og-inkludering\/\"]}]},{\"@type\":\"ImageObject\",\"inLanguage\":\"nb-NO\",\"@id\":\"https:\/\/blaakors.no\/arbeid-og-inkludering\/#primaryimage\",\"url\":\"https:\/\/blaakors.no\/arbeid-og-inkludering\/wp-content\/uploads\/sites\/2\/2024\/08\/startup-g430e6f95b_1920.jpg\",\"contentUrl\":\"https:\/\/blaakors.no\/arbeid-og-inkludering\/wp-content\/uploads\/sites\/2\/2024\/08\/startup-g430e6f95b_1920.jpg\",\"width\":1920,\"height\":1280},{\"@type\":\"BreadcrumbList\",\"@id\":\"https:\/\/blaakors.no\/arbeid-og-inkludering\/#breadcrumb\",\"itemListElement\":[{\"@type\":\"ListItem\",\"position\":1,\"name\":\"Hjem\",\"item\":\"https:\/\/blaakors.no\/arbeid-og-inkludering\/\"},{\"@type\":\"ListItem\",\"position\":2,\"name\":\"Forside\"}]},{\"@type\":\"WebSite\",\"@id\":\"https:\/\/blaakors.no\/arbeid-og-inkludering\/#website\",\"url\":\"https:\/\/blaakors.no\/arbeid-og-inkludering\/\",\"name\":\"Arbeid og inkludering\",\"description\":\"I sentrum st\u00e5r et menneske\",\"publisher\":{\"@id\":\"https:\/\/blaakors.no\/arbeid-og-inkludering\/#organization\"},\"potentialAction\":[{\"@type\":\"SearchAction\",\"target\":{\"@type\":\"EntryPoint\",\"urlTemplate\":\"https:\/\/blaakors.no\/arbeid-og-inkludering\/?s={search_term_string}\"},\"query-input\":{\"@type\":\"PropertyValueSpecification\",\"valueRequired\":true,\"valueName\":\"search_term_string\"}}],\"inLanguage\":\"nb-NO\"},{\"@type\":\"Organization\",\"@id\":\"https:\/\/blaakors.no\/arbeid-og-inkludering\/#organization\",\"name\":\"Arbeid og inkludering\",\"url\":\"https:\/\/blaakors.no\/arbeid-og-inkludering\/\",\"logo\":{\"@type\":\"ImageObject\",\"inLanguage\":\"nb-NO\",\"@id\":\"https:\/\/blaakors.no\/arbeid-og-inkludering\/#\/schema\/logo\/image\/\",\"url\":\"https:\/\/blaakors.no\/arbeid-og-inkludering\/wp-content\/uploads\/sites\/2\/2024\/09\/Bla-kors-logo-fredrikstad.svg\",\"contentUrl\":\"https:\/\/blaakors.no\/arbeid-og-inkludering\/wp-content\/uploads\/sites\/2\/2024\/09\/Bla-kors-logo-fredrikstad.svg\",\"caption\":\"Arbeid og inkludering\"},\"image\":{\"@id\":\"https:\/\/blaakors.no\/arbeid-og-inkludering\/#\/schema\/logo\/image\/\"}}]}<\/script>\n<!-- \/ Yoast SEO plugin. -->","yoast_head_json":{"title":"Arbeid og inkludering - I sentrum st\u00e5r et menneske","robots":{"index":"index","follow":"follow","max-snippet":"max-snippet:-1","max-image-preview":"max-image-preview:large","max-video-preview":"max-video-preview:-1"},"canonical":"https:\/\/blaakors.no\/arbeid-og-inkludering\/","og_locale":"nb_NO","og_type":"article","og_title":"Arbeid og inkludering - I sentrum st\u00e5r et menneske","og_description":"Arbeid og inkludering, Fredrikstad og Sarpsborg Med kunnskap, hjerte og kraft skaper Bl\u00e5 Kors muligheter for mestring og mening Siste nytt For veis\u00f8kere Ressursbedrift Hvem er vi Jeg f\u00f8ler meg sett og godt ivaretatt gjennom hele prosessen, b\u00e5de fra jobbkonsulent og nav. Kristian, ansatt hos Bedriftsidretten Det er s\u00e5 mye ressurser der ute. Alle fortjener [&hellip;]","og_url":"https:\/\/blaakors.no\/arbeid-og-inkludering\/","og_site_name":"Arbeid og inkludering","article_modified_time":"2024-10-18T12:09:36+00:00","og_image":[{"width":1920,"height":1280,"url":"https:\/\/blaakors.no\/arbeid-og-inkludering\/wp-content\/uploads\/sites\/2\/2024\/08\/startup-g430e6f95b_1920.jpg","type":"image\/jpeg"}],"twitter_card":"summary_large_image","twitter_misc":{"Ansl. lesetid":"3 minutter"},"schema":{"@context":"https:\/\/schema.org","@graph":[{"@type":"WebPage","@id":"https:\/\/blaakors.no\/arbeid-og-inkludering\/","url":"https:\/\/blaakors.no\/arbeid-og-inkludering\/","name":"Arbeid og inkludering - I sentrum st\u00e5r et menneske","isPartOf":{"@id":"https:\/\/blaakors.no\/arbeid-og-inkludering\/#website"},"primaryImageOfPage":{"@id":"https:\/\/blaakors.no\/arbeid-og-inkludering\/#primaryimage"},"image":{"@id":"https:\/\/blaakors.no\/arbeid-og-inkludering\/#primaryimage"},"thumbnailUrl":"https:\/\/blaakors.no\/arbeid-og-inkludering\/wp-content\/uploads\/sites\/2\/2024\/08\/startup-g430e6f95b_1920.jpg","datePublished":"2024-08-21T10:59:56+00:00","dateModified":"2024-10-18T12:09:36+00:00","breadcrumb":{"@id":"https:\/\/blaakors.no\/arbeid-og-inkludering\/#breadcrumb"},"inLanguage":"nb-NO","potentialAction":[{"@type":"ReadAction","target":["https:\/\/blaakors.no\/arbeid-og-inkludering\/"]}]},{"@type":"ImageObject","inLanguage":"nb-NO","@id":"https:\/\/blaakors.no\/arbeid-og-inkludering\/#primaryimage","url":"https:\/\/blaakors.no\/arbeid-og-inkludering\/wp-content\/uploads\/sites\/2\/2024\/08\/startup-g430e6f95b_1920.jpg","contentUrl":"https:\/\/blaakors.no\/arbeid-og-inkludering\/wp-content\/uploads\/sites\/2\/2024\/08\/startup-g430e6f95b_1920.jpg","width":1920,"height":1280},{"@type":"BreadcrumbList","@id":"https:\/\/blaakors.no\/arbeid-og-inkludering\/#breadcrumb","itemListElement":[{"@type":"ListItem","position":1,"name":"Hjem","item":"https:\/\/blaakors.no\/arbeid-og-inkludering\/"},{"@type":"ListItem","position":2,"name":"Forside"}]},{"@type":"WebSite","@id":"https:\/\/blaakors.no\/arbeid-og-inkludering\/#website","url":"https:\/\/blaakors.no\/arbeid-og-inkludering\/","name":"Arbeid og inkludering","description":"I sentrum st\u00e5r et menneske","publisher":{"@id":"https:\/\/blaakors.no\/arbeid-og-inkludering\/#organization"},"potentialAction":[{"@type":"SearchAction","target":{"@type":"EntryPoint","urlTemplate":"https:\/\/blaakors.no\/arbeid-og-inkludering\/?s={search_term_string}"},"query-input":{"@type":"PropertyValueSpecification","valueRequired":true,"valueName":"search_term_string"}}],"inLanguage":"nb-NO"},{"@type":"Organization","@id":"https:\/\/blaakors.no\/arbeid-og-inkludering\/#organization","name":"Arbeid og inkludering","url":"https:\/\/blaakors.no\/arbeid-og-inkludering\/","logo":{"@type":"ImageObject","inLanguage":"nb-NO","@id":"https:\/\/blaakors.no\/arbeid-og-inkludering\/#\/schema\/logo\/image\/","url":"https:\/\/blaakors.no\/arbeid-og-inkludering\/wp-content\/uploads\/sites\/2\/2024\/09\/Bla-kors-logo-fredrikstad.svg","contentUrl":"https:\/\/blaakors.no\/arbeid-og-inkludering\/wp-content\/uploads\/sites\/2\/2024\/09\/Bla-kors-logo-fredrikstad.svg","caption":"Arbeid og inkludering"},"image":{"@id":"https:\/\/blaakors.no\/arbeid-og-inkludering\/#\/schema\/logo\/image\/"}}]}},"_links":{"self":[{"href":"https:\/\/blaakors.no\/arbeid-og-inkludering\/wp-json\/wp\/v2\/pages\/8","targetHints":{"allow":["GET"]}}],"collection":[{"href":"https:\/\/blaakors.no\/arbeid-og-inkludering\/wp-json\/wp\/v2\/pages"}],"about":[{"href":"https:\/\/blaakors.no\/arbeid-og-inkludering\/wp-json\/wp\/v2\/types\/page"}],"author":[{"embeddable":true,"href":"https:\/\/blaakors.no\/arbeid-og-inkludering\/wp-json\/wp\/v2\/users\/1"}],"replies":[{"embeddable":true,"href":"https:\/\/blaakors.no\/arbeid-og-inkludering\/wp-json\/wp\/v2\/comments?post=8"}],"version-history":[{"count":71,"href":"https:\/\/blaakors.no\/arbeid-og-inkludering\/wp-json\/wp\/v2\/pages\/8\/revisions"}],"predecessor-version":[{"id":2110,"href":"https:\/\/blaakors.no\/arbeid-og-inkludering\/wp-json\/wp\/v2\/pages\/8\/revisions\/2110"}],"wp:featuredmedia":[{"embeddable":true,"href":"https:\/\/blaakors.no\/arbeid-og-inkludering\/wp-json\/wp\/v2\/media\/373"}],"wp:attachment":[{"href":"https:\/\/blaakors.no\/arbeid-og-inkludering\/wp-json\/wp\/v2\/media?parent=8"}],"curies":[{"name":"wp","href":"https:\/\/api.w.org\/{rel}","templated":true}]}}