{"id":14,"date":"2024-08-26T14:32:58","date_gmt":"2024-08-26T12:32:58","guid":{"rendered":"https:\/\/blaakors.no\/krisesenteret\/?page_id=14"},"modified":"2025-05-09T10:43:53","modified_gmt":"2025-05-09T08:43:53","slug":"om-oss","status":"publish","type":"page","link":"https:\/\/blaakors.no\/krisesenteret\/om-oss\/","title":{"rendered":"Om oss"},"content":{"rendered":"\n<div class=\"wp-block-group alignfull has-light-beige-background-color has-background has-global-padding is-layout-constrained wp-block-group-is-layout-constrained\">\n<div style=\"height:180px\" aria-hidden=\"true\" class=\"wp-block-spacer\"><\/div>\n\n\n\n<div style=\"height:80px\" aria-hidden=\"true\" class=\"wp-block-spacer hide-mobile\"><\/div>\n\n\n\n<div class=\"wp-block-columns alignwide has-beige-background-color has-background is-layout-flex wp-container-core-columns-is-layout-2 wp-block-columns-is-layout-flex\" style=\"border-radius:15px;padding-top:0;padding-right:0;padding-bottom:0;padding-left:0\">\n<div class=\"wp-block-column is-layout-flow wp-block-column-is-layout-flow\">\n<div class=\"wp-block-columns is-layout-flex wp-container-core-columns-is-layout-1 wp-block-columns-is-layout-flex\">\n<div class=\"wp-block-column is-vertically-aligned-center is-layout-flow wp-block-column-is-layout-flow\" style=\"padding-top:var(--wp--preset--spacing--50);padding-right:var(--wp--preset--spacing--50);padding-bottom:var(--wp--preset--spacing--50);padding-left:var(--wp--preset--spacing--50)\">\n<p>Om oss<\/p>\n\n\n\n<h2 class=\"wp-block-heading\">V\u00e5rt krisesenter drives p\u00e5 oppdrag fra Fredrikstad og Hvaler kommuner.<\/h2>\n<\/div>\n\n\n\n<div class=\"wp-block-column is-vertically-aligned-center is-layout-flow wp-block-column-is-layout-flow\">\n<div class=\"wp-block-cover image-cover-mobile\" style=\"border-top-left-radius:0px;border-top-right-radius:15px;border-bottom-left-radius:0px;border-bottom-right-radius:15px;min-height:559px;aspect-ratio:unset;\"><span aria-hidden=\"true\" class=\"wp-block-cover__background has-background-dim-0 has-background-dim\" style=\"background-color:#b8a786\"><\/span><img loading=\"lazy\" decoding=\"async\" width=\"1731\" height=\"1154\" class=\"wp-block-cover__image-background wp-image-440\" alt=\"\" src=\"https:\/\/blaakors.no\/krisesenteret\/wp-content\/uploads\/sites\/5\/2024\/10\/Servise_Stotvig_Web-3.jpg\" data-object-fit=\"cover\" srcset=\"https:\/\/blaakors.no\/krisesenteret\/wp-content\/uploads\/sites\/5\/2024\/10\/Servise_Stotvig_Web-3.jpg 1731w, https:\/\/blaakors.no\/krisesenteret\/wp-content\/uploads\/sites\/5\/2024\/10\/Servise_Stotvig_Web-3-300x200.jpg 300w, https:\/\/blaakors.no\/krisesenteret\/wp-content\/uploads\/sites\/5\/2024\/10\/Servise_Stotvig_Web-3-1024x683.jpg 1024w, https:\/\/blaakors.no\/krisesenteret\/wp-content\/uploads\/sites\/5\/2024\/10\/Servise_Stotvig_Web-3-768x512.jpg 768w, https:\/\/blaakors.no\/krisesenteret\/wp-content\/uploads\/sites\/5\/2024\/10\/Servise_Stotvig_Web-3-1536x1024.jpg 1536w\" sizes=\"auto, (max-width: 1731px) 100vw, 1731px\" \/><div class=\"wp-block-cover__inner-container has-global-padding is-layout-constrained wp-block-cover-is-layout-constrained\">\n<p class=\"has-text-align-center has-large-font-size\"><\/p>\n<\/div><\/div>\n<\/div>\n<\/div>\n<\/div>\n<\/div>\n\n\n\n<div style=\"height:50px\" aria-hidden=\"true\" class=\"wp-block-spacer\"><\/div>\n\n\n\n<div style=\"height:50px\" aria-hidden=\"true\" class=\"wp-block-spacer hide-mobile\"><\/div>\n<\/div>\n\n\n\n<div style=\"height:30px\" aria-hidden=\"true\" class=\"wp-block-spacer\"><\/div>\n\n\n\n<div style=\"height:30px\" aria-hidden=\"true\" class=\"wp-block-spacer hide-mobile\"><\/div>\n\n\n\n<div class=\"wp-block-group has-global-padding is-layout-constrained wp-block-group-is-layout-constrained\">\n<div class=\"wp-block-columns is-layout-flex wp-container-core-columns-is-layout-3 wp-block-columns-is-layout-flex\">\n<div class=\"wp-block-column is-layout-flow wp-block-column-is-layout-flow\">\n<p>V\u00e5rt krisesenter har et tilbud til personer som utsettes for vold eller trusler om vold i n\u00e6re relasjoner. Dette inkluderer akutt og midlertidig botilbud, dagtilbud, r\u00e5d og veiledning og oppf\u00f8lging i reetableringsfasen.<\/p>\n\n\n\n<p>Krisesentertilbudet er tilgjengelig hele d\u00f8gnet og gjennom hele \u00e5ret. Tilbudet er gratis, og man trenger ingen henvisning.\u00a0Botilbudet skal gi\u00a0beskyttelse, sikkerhet, r\u00e5d og veiledning til kvinner, menn og barn som blir\u00a0utsatt for vold i n\u00e6re relasjoner.<\/p>\n\n\n\n<p>Dagtilbudet&nbsp;best\u00e5r av&nbsp;individuelt tilpassede tilbud til brukerne, gjennom en metodisk tiln\u00e6rming der brukeren&nbsp;selv&nbsp;definerer egne behov og m\u00e5l. Tilbudene vil v\u00e6re strukturert p\u00e5 en m\u00e5te som legger til rette for \u00e5 bygge relasjon, skape tillit, trygghet og forutsigbarhet.<\/p>\n\n\n\n<p>Incestsenteret i Fredrikstad skal gi r\u00e5d, st\u00f8tte og veiledning til personer som er eller har v\u00e6rt utsatt for incest\u00a0og seksuelle overgrep. Senteret drives etter prinsippet om hjelp til selvhjelp, og vi tilbyr ikke behandling.<\/p>\n\n\n\n<p>I 2010 tr\u00e5dte&nbsp;<em>Lov om kommunale krisesentertilbod<\/em>&nbsp;i kraft. Form\u00e5let med loven er \u00e5 sikre et godt og helhetlig krisesentertilbud til kvinner, menn og barn som utsettes for vold eller trusler om vold i n\u00e6re relasjoner.<\/p>\n\n\n\n<div style=\"height:30px\" aria-hidden=\"true\" class=\"wp-block-spacer\"><\/div>\n\n\n\n<div style=\"height:70px\" aria-hidden=\"true\" class=\"wp-block-spacer hide-mobile\"><\/div>\n<\/div>\n<\/div>\n<\/div>\n\n\n\n<div class=\"wp-block-group has-global-padding is-layout-constrained wp-block-group-is-layout-constrained\">\n<div class=\"wp-block-group has-global-padding is-layout-constrained wp-block-group-is-layout-constrained\">\n<div class=\"wp-block-columns is-layout-flex wp-container-core-columns-is-layout-14 wp-block-columns-is-layout-flex\">\n<div class=\"wp-block-column is-vertically-aligned-center eplus-wrapper is-layout-flow wp-block-column-is-layout-flow\" style=\"flex-basis:50%\">\n<div style=\"height:10px\" aria-hidden=\"true\" class=\"wp-block-spacer\"><\/div>\n\n\n\n<div class=\"wp-block-columns is-not-stacked-on-mobile is-layout-flex wp-container-core-columns-is-layout-5 wp-block-columns-is-layout-flex\">\n<div class=\"wp-block-column bottom-line is-layout-flow wp-block-column-is-layout-flow\" style=\"flex-basis:90%\">\n<a class=\"fast-links\" href=\"https:\/\/blaakors.no\/krisesenteret\/ansatte\">\n\n\n\n<div class=\"wp-block-columns is-not-stacked-on-mobile is-layout-flex wp-container-core-columns-is-layout-4 wp-block-columns-is-layout-flex\">\n<div class=\"wp-block-column is-layout-flow wp-block-column-is-layout-flow\">\n<p class=\"link-front eplus-wrapper\">Ansatte<\/p>\n<\/div>\n\n\n\n<div class=\"wp-block-column is-layout-flow wp-block-column-is-layout-flow\">\n<figure class=\"wp-block-image alignright size-large is-resized\"><img decoding=\"async\" src=\"https:\/\/nordiccrane.com\/no\/wp-content\/uploads\/sites\/2\/2023\/11\/arrow-left-black.svg\" alt=\"\" class=\"wp-image-95\" style=\"width:22px\" \/><\/figure>\n<\/div>\n<\/div>\n\n\n\n<div style=\"height:10px\" aria-hidden=\"true\" class=\"wp-block-spacer\"><\/div>\n\n\n\n<\/a>\n<\/div>\n<\/div>\n\n\n\n<div class=\"wp-block-columns is-not-stacked-on-mobile is-layout-flex wp-container-core-columns-is-layout-7 wp-block-columns-is-layout-flex\">\n<div class=\"wp-block-column bottom-line is-layout-flow wp-block-column-is-layout-flow\" style=\"flex-basis:90%\">\n<a class=\"fast-links\" href=\"https:\/\/blaakors.no\/krisesenteret\/om-oss\/formal-og-malsetting\/\">\n\n\n\n<div class=\"wp-block-columns is-not-stacked-on-mobile is-layout-flex wp-container-core-columns-is-layout-6 wp-block-columns-is-layout-flex\">\n<div class=\"wp-block-column is-layout-flow wp-block-column-is-layout-flow\">\n<p class=\"link-front eplus-wrapper\">Form\u00e5l og m\u00e5lsetting<\/p>\n<\/div>\n\n\n\n<div class=\"wp-block-column is-layout-flow wp-block-column-is-layout-flow\">\n<figure class=\"wp-block-image alignright size-large is-resized\"><img decoding=\"async\" src=\"https:\/\/nordiccrane.com\/no\/wp-content\/uploads\/sites\/2\/2023\/11\/arrow-left-black.svg\" alt=\"\" class=\"wp-image-95\" style=\"width:22px\" \/><\/figure>\n<\/div>\n<\/div>\n\n\n\n<div style=\"height:10px\" aria-hidden=\"true\" class=\"wp-block-spacer\"><\/div>\n\n\n\n<\/a>\n<\/div>\n<\/div>\n\n\n\n<div class=\"wp-block-columns is-not-stacked-on-mobile is-layout-flex wp-container-core-columns-is-layout-9 wp-block-columns-is-layout-flex\">\n<div class=\"wp-block-column bottom-line is-layout-flow wp-block-column-is-layout-flow\" style=\"flex-basis:90%\">\n<a class=\"fast-links\" href=\"https:\/\/blaakors.no\/krisesenteret\/om-oss\/organisering-og-drift\/\">\n\n\n\n<div class=\"wp-block-columns is-not-stacked-on-mobile is-layout-flex wp-container-core-columns-is-layout-8 wp-block-columns-is-layout-flex\">\n<div class=\"wp-block-column is-layout-flow wp-block-column-is-layout-flow\">\n<p class=\"link-front eplus-wrapper\">Organisering og drift<\/p>\n<\/div>\n\n\n\n<div class=\"wp-block-column is-layout-flow wp-block-column-is-layout-flow\">\n<figure class=\"wp-block-image alignright size-large is-resized\"><img decoding=\"async\" src=\"https:\/\/nordiccrane.com\/no\/wp-content\/uploads\/sites\/2\/2023\/11\/arrow-left-black.svg\" alt=\"\" class=\"wp-image-95\" style=\"width:22px\" \/><\/figure>\n<\/div>\n<\/div>\n\n\n\n<div style=\"height:10px\" aria-hidden=\"true\" class=\"wp-block-spacer\"><\/div>\n\n\n\n<\/a>\n<\/div>\n<\/div>\n\n\n\n<div class=\"wp-block-columns is-not-stacked-on-mobile is-layout-flex wp-container-core-columns-is-layout-11 wp-block-columns-is-layout-flex\">\n<div class=\"wp-block-column bottom-line is-layout-flow wp-block-column-is-layout-flow\" style=\"flex-basis:90%\">\n<a class=\"fast-links\" href=\"https:\/\/blaakors.no\/krisesenteret\/om-oss\/tilbud-og-metode\/\">\n\n\n\n<div class=\"wp-block-columns is-not-stacked-on-mobile is-layout-flex wp-container-core-columns-is-layout-10 wp-block-columns-is-layout-flex\">\n<div class=\"wp-block-column is-layout-flow wp-block-column-is-layout-flow\">\n<p class=\"link-front eplus-wrapper\">Tilbud og metode<\/p>\n<\/div>\n\n\n\n<div class=\"wp-block-column is-layout-flow wp-block-column-is-layout-flow\">\n<figure class=\"wp-block-image alignright size-large is-resized\"><img decoding=\"async\" src=\"https:\/\/nordiccrane.com\/no\/wp-content\/uploads\/sites\/2\/2023\/11\/arrow-left-black.svg\" alt=\"\" class=\"wp-image-95\" style=\"width:22px\" \/><\/figure>\n<\/div>\n<\/div>\n\n\n\n<div style=\"height:10px\" aria-hidden=\"true\" class=\"wp-block-spacer\"><\/div>\n\n\n\n<\/a>\n<\/div>\n<\/div>\n\n\n\n<div class=\"wp-block-columns is-not-stacked-on-mobile is-layout-flex wp-container-core-columns-is-layout-13 wp-block-columns-is-layout-flex\">\n<div class=\"wp-block-column bottom-line is-layout-flow wp-block-column-is-layout-flow\" style=\"flex-basis:90%\">\n<a class=\"fast-links\" href=\"https:\/\/blaakors.no\/krisesenteret\/om-oss\/historikk\/\">\n\n\n\n<div class=\"wp-block-columns is-not-stacked-on-mobile is-layout-flex wp-container-core-columns-is-layout-12 wp-block-columns-is-layout-flex\">\n<div class=\"wp-block-column is-layout-flow wp-block-column-is-layout-flow\">\n<p class=\"link-front eplus-wrapper\">Historikk<\/p>\n<\/div>\n\n\n\n<div class=\"wp-block-column is-layout-flow wp-block-column-is-layout-flow\">\n<figure class=\"wp-block-image alignright size-large is-resized\"><img decoding=\"async\" src=\"https:\/\/nordiccrane.com\/no\/wp-content\/uploads\/sites\/2\/2023\/11\/arrow-left-black.svg\" alt=\"\" class=\"wp-image-95\" style=\"width:22px\" \/><\/figure>\n<\/div>\n<\/div>\n\n\n\n<div style=\"height:10px\" aria-hidden=\"true\" class=\"wp-block-spacer\"><\/div>\n\n\n\n<\/a>\n\n\n\n<div style=\"height:20px\" aria-hidden=\"true\" class=\"wp-block-spacer\"><\/div>\n<\/div>\n<\/div>\n<\/div>\n\n\n\n<div class=\"wp-block-column has-light-green-background-color has-background is-layout-flow wp-block-column-is-layout-flow\" style=\"padding-top:0;padding-right:0;padding-bottom:0;padding-left:0;flex-basis:50%\">\n<div style=\"height:33px\" aria-hidden=\"true\" class=\"wp-block-spacer\"><\/div>\n\n\n\n<figure class=\"wp-block-image aligncenter size-full is-resized\"><img loading=\"lazy\" decoding=\"async\" width=\"900\" height=\"900\" src=\"https:\/\/blaakors.no\/krisesenteret\/wp-content\/uploads\/sites\/5\/2024\/09\/blomst.png\" alt=\"\" class=\"wp-image-266\" style=\"width:264px;height:auto\" srcset=\"https:\/\/blaakors.no\/krisesenteret\/wp-content\/uploads\/sites\/5\/2024\/09\/blomst.png 900w, https:\/\/blaakors.no\/krisesenteret\/wp-content\/uploads\/sites\/5\/2024\/09\/blomst-300x300.png 300w, https:\/\/blaakors.no\/krisesenteret\/wp-content\/uploads\/sites\/5\/2024\/09\/blomst-150x150.png 150w, https:\/\/blaakors.no\/krisesenteret\/wp-content\/uploads\/sites\/5\/2024\/09\/blomst-768x768.png 768w\" sizes=\"auto, (max-width: 900px) 100vw, 900px\" \/><\/figure>\n\n\n\n<div style=\"height:33px\" aria-hidden=\"true\" class=\"wp-block-spacer\"><\/div>\n<\/div>\n<\/div>\n<\/div>\n<\/div>\n\n\n\n<div style=\"height:40px\" aria-hidden=\"true\" class=\"wp-block-spacer\"><\/div>\n\n\n\n<div style=\"height:40px\" aria-hidden=\"true\" class=\"wp-block-spacer hide-mobile\"><\/div>\n\n\n\n<div class=\"wp-block-group alignfull has-light-beige-background-color has-background has-global-padding is-layout-constrained wp-block-group-is-layout-constrained\" style=\"padding-top:var(--wp--preset--spacing--60);padding-bottom:var(--wp--preset--spacing--60)\">\n<div class=\"wp-block-group has-global-padding is-layout-constrained wp-block-group-is-layout-constrained\">\n<div class=\"wp-block-columns is-layout-flex wp-container-core-columns-is-layout-15 wp-block-columns-is-layout-flex\">\n<div class=\"wp-block-column is-layout-flow wp-block-column-is-layout-flow\">\n<h2 class=\"wp-block-heading\">Historien<\/h2>\n\n\n\n<p>Krisesenteret ble startet i 1979 av Bl\u00e5 Kors Kvinneutvalg i \u00d8stfold i samarbeid med Stiftelsen Bl\u00e5 Kors Fredrikstad. Vi har i over 40 \u00e5r arbeidet med \u00e5 gi et tilbud for personer utsatt for vold og trusler i n\u00e6re relasjoner et tilbud. I 1992 utvidet senteret til ogs\u00e5 \u00e5 v\u00e6re et tilbud til voksne kvinner og menn som hadde v\u00e6rt utsatt for incest og seksuelle overgrep i barne-\/ungdoms\u00e5r. Virksomheten fikk navnet Krise- og incestsenteret i Fredrikstad i 2002 n\u00e5r den flyttet til nye lokaler i Sandveien. Krisesenteret i Halden \u00e5pnet i november 2022.<\/p>\n\n\n\n<p><a href=\"https:\/\/blaakors.no\/krisesenteret\/wp-content\/uploads\/sites\/5\/2024\/08\/e58c7828-62d7-44aa-892c-35a0e0902926.pdf\">Se v\u00e5r&nbsp;jubileumsbok \u201c40 \u00e5r, 40 stemmer\u201d<\/a>,&nbsp;som ble laget i forbindelse med 40-\u00e5rsmarkeringen til krisesenteret i Fredrikstad.<\/p>\n<\/div>\n\n\n\n<div class=\"wp-block-column is-layout-flow wp-block-column-is-layout-flow\" style=\"flex-basis:30px\"><\/div>\n\n\n\n<div class=\"wp-block-column is-vertically-aligned-center is-layout-flow wp-block-column-is-layout-flow\">\n<figure class=\"wp-block-image aligncenter size-full\"><img loading=\"lazy\" decoding=\"async\" width=\"320\" height=\"320\" src=\"https:\/\/blaakors.no\/krisesenteret\/wp-content\/uploads\/sites\/5\/2024\/08\/krisesenter-jubileum.jpg\" alt=\"\" class=\"wp-image-108\" srcset=\"https:\/\/blaakors.no\/krisesenteret\/wp-content\/uploads\/sites\/5\/2024\/08\/krisesenter-jubileum.jpg 320w, https:\/\/blaakors.no\/krisesenteret\/wp-content\/uploads\/sites\/5\/2024\/08\/krisesenter-jubileum-300x300.jpg 300w, https:\/\/blaakors.no\/krisesenteret\/wp-content\/uploads\/sites\/5\/2024\/08\/krisesenter-jubileum-150x150.jpg 150w\" sizes=\"auto, (max-width: 320px) 100vw, 320px\" \/><\/figure>\n<\/div>\n<\/div>\n<\/div>\n<\/div>\n","protected":false},"excerpt":{"rendered":"<p>Om oss V\u00e5rt krisesenter drives p\u00e5 oppdrag fra Fredrikstad og Hvaler kommuner. V\u00e5rt krisesenter har et tilbud til personer som utsettes for vold eller trusler om vold i n\u00e6re relasjoner. Dette inkluderer akutt og midlertidig botilbud, dagtilbud, r\u00e5d og veiledning og oppf\u00f8lging i reetableringsfasen. Krisesentertilbudet er tilgjengelig hele d\u00f8gnet og gjennom hele \u00e5ret. Tilbudet er [&hellip;]<\/p>\n","protected":false},"author":1,"featured_media":0,"parent":0,"menu_order":0,"comment_status":"closed","ping_status":"closed","template":"","meta":{"inline_featured_image":false,"_exactmetrics_skip_tracking":false,"_exactmetrics_sitenote_active":false,"_exactmetrics_sitenote_note":"","_exactmetrics_sitenote_category":0,"footnotes":""},"class_list":["post-14","page","type-page","status-publish","hentry"],"yoast_head":"<!-- This site is optimized with the Yoast SEO plugin v26.6 - https:\/\/yoast.com\/wordpress\/plugins\/seo\/ -->\n<title>Om oss - Krise- og incestsenter<\/title>\n<meta name=\"robots\" content=\"index, follow, max-snippet:-1, max-image-preview:large, max-video-preview:-1\" \/>\n<link rel=\"canonical\" href=\"https:\/\/blaakors.no\/krisesenteret\/om-oss\/\" \/>\n<meta property=\"og:locale\" content=\"nb_NO\" \/>\n<meta property=\"og:type\" content=\"article\" \/>\n<meta property=\"og:title\" content=\"Om oss - Krise- og incestsenter\" \/>\n<meta property=\"og:description\" content=\"Om oss V\u00e5rt krisesenter drives p\u00e5 oppdrag fra Fredrikstad og Hvaler kommuner. V\u00e5rt krisesenter har et tilbud til personer som utsettes for vold eller trusler om vold i n\u00e6re relasjoner. Dette inkluderer akutt og midlertidig botilbud, dagtilbud, r\u00e5d og veiledning og oppf\u00f8lging i reetableringsfasen. Krisesentertilbudet er tilgjengelig hele d\u00f8gnet og gjennom hele \u00e5ret. Tilbudet er [&hellip;]\" \/>\n<meta property=\"og:url\" content=\"https:\/\/blaakors.no\/krisesenteret\/om-oss\/\" \/>\n<meta property=\"og:site_name\" content=\"Krise- og incestsenter\" \/>\n<meta property=\"article:modified_time\" content=\"2025-05-09T08:43:53+00:00\" \/>\n<meta property=\"og:image\" content=\"https:\/\/blaakors.no\/krisesenteret\/wp-content\/uploads\/sites\/5\/2024\/10\/Servise_Stotvig_Web-3.jpg\" \/>\n\t<meta property=\"og:image:width\" content=\"1731\" \/>\n\t<meta property=\"og:image:height\" content=\"1154\" \/>\n\t<meta property=\"og:image:type\" content=\"image\/jpeg\" \/>\n<meta name=\"twitter:card\" content=\"summary_large_image\" \/>\n<meta name=\"twitter:label1\" content=\"Ansl. lesetid\" \/>\n\t<meta name=\"twitter:data1\" content=\"4 minutter\" \/>\n<script type=\"application\/ld+json\" class=\"yoast-schema-graph\">{\"@context\":\"https:\/\/schema.org\",\"@graph\":[{\"@type\":\"WebPage\",\"@id\":\"https:\/\/blaakors.no\/krisesenteret\/om-oss\/\",\"url\":\"https:\/\/blaakors.no\/krisesenteret\/om-oss\/\",\"name\":\"Om oss - Krise- og incestsenter\",\"isPartOf\":{\"@id\":\"https:\/\/blaakors.no\/krisesenteret\/#website\"},\"primaryImageOfPage\":{\"@id\":\"https:\/\/blaakors.no\/krisesenteret\/om-oss\/#primaryimage\"},\"image\":{\"@id\":\"https:\/\/blaakors.no\/krisesenteret\/om-oss\/#primaryimage\"},\"thumbnailUrl\":\"https:\/\/blaakors.no\/krisesenteret\/wp-content\/uploads\/sites\/5\/2024\/10\/Servise_Stotvig_Web-3.jpg\",\"datePublished\":\"2024-08-26T12:32:58+00:00\",\"dateModified\":\"2025-05-09T08:43:53+00:00\",\"breadcrumb\":{\"@id\":\"https:\/\/blaakors.no\/krisesenteret\/om-oss\/#breadcrumb\"},\"inLanguage\":\"nb-NO\",\"potentialAction\":[{\"@type\":\"ReadAction\",\"target\":[\"https:\/\/blaakors.no\/krisesenteret\/om-oss\/\"]}]},{\"@type\":\"ImageObject\",\"inLanguage\":\"nb-NO\",\"@id\":\"https:\/\/blaakors.no\/krisesenteret\/om-oss\/#primaryimage\",\"url\":\"https:\/\/blaakors.no\/krisesenteret\/wp-content\/uploads\/sites\/5\/2024\/10\/Servise_Stotvig_Web-3.jpg\",\"contentUrl\":\"https:\/\/blaakors.no\/krisesenteret\/wp-content\/uploads\/sites\/5\/2024\/10\/Servise_Stotvig_Web-3.jpg\",\"width\":1731,\"height\":1154},{\"@type\":\"BreadcrumbList\",\"@id\":\"https:\/\/blaakors.no\/krisesenteret\/om-oss\/#breadcrumb\",\"itemListElement\":[{\"@type\":\"ListItem\",\"position\":1,\"name\":\"Hjem\",\"item\":\"https:\/\/blaakors.no\/krisesenteret\/\"},{\"@type\":\"ListItem\",\"position\":2,\"name\":\"Om oss\"}]},{\"@type\":\"WebSite\",\"@id\":\"https:\/\/blaakors.no\/krisesenteret\/#website\",\"url\":\"https:\/\/blaakors.no\/krisesenteret\/\",\"name\":\"Krise- og incestsenter\",\"description\":\"I sentrum st\u00e5r et menneske\",\"publisher\":{\"@id\":\"https:\/\/blaakors.no\/krisesenteret\/#organization\"},\"potentialAction\":[{\"@type\":\"SearchAction\",\"target\":{\"@type\":\"EntryPoint\",\"urlTemplate\":\"https:\/\/blaakors.no\/krisesenteret\/?s={search_term_string}\"},\"query-input\":{\"@type\":\"PropertyValueSpecification\",\"valueRequired\":true,\"valueName\":\"search_term_string\"}}],\"inLanguage\":\"nb-NO\"},{\"@type\":\"Organization\",\"@id\":\"https:\/\/blaakors.no\/krisesenteret\/#organization\",\"name\":\"Krise- og incestsenter\",\"url\":\"https:\/\/blaakors.no\/krisesenteret\/\",\"logo\":{\"@type\":\"ImageObject\",\"inLanguage\":\"nb-NO\",\"@id\":\"https:\/\/blaakors.no\/krisesenteret\/#\/schema\/logo\/image\/\",\"url\":\"https:\/\/blaakors.no\/krisesenteret\/wp-content\/uploads\/sites\/5\/2024\/10\/Bla-kors-logo-fredrikstad.svg\",\"contentUrl\":\"https:\/\/blaakors.no\/krisesenteret\/wp-content\/uploads\/sites\/5\/2024\/10\/Bla-kors-logo-fredrikstad.svg\",\"caption\":\"Krise- og incestsenter\"},\"image\":{\"@id\":\"https:\/\/blaakors.no\/krisesenteret\/#\/schema\/logo\/image\/\"}}]}<\/script>\n<!-- \/ Yoast SEO plugin. -->","yoast_head_json":{"title":"Om oss - Krise- og incestsenter","robots":{"index":"index","follow":"follow","max-snippet":"max-snippet:-1","max-image-preview":"max-image-preview:large","max-video-preview":"max-video-preview:-1"},"canonical":"https:\/\/blaakors.no\/krisesenteret\/om-oss\/","og_locale":"nb_NO","og_type":"article","og_title":"Om oss - Krise- og incestsenter","og_description":"Om oss V\u00e5rt krisesenter drives p\u00e5 oppdrag fra Fredrikstad og Hvaler kommuner. V\u00e5rt krisesenter har et tilbud til personer som utsettes for vold eller trusler om vold i n\u00e6re relasjoner. Dette inkluderer akutt og midlertidig botilbud, dagtilbud, r\u00e5d og veiledning og oppf\u00f8lging i reetableringsfasen. Krisesentertilbudet er tilgjengelig hele d\u00f8gnet og gjennom hele \u00e5ret. Tilbudet er [&hellip;]","og_url":"https:\/\/blaakors.no\/krisesenteret\/om-oss\/","og_site_name":"Krise- og incestsenter","article_modified_time":"2025-05-09T08:43:53+00:00","og_image":[{"width":1731,"height":1154,"url":"https:\/\/blaakors.no\/krisesenteret\/wp-content\/uploads\/sites\/5\/2024\/10\/Servise_Stotvig_Web-3.jpg","type":"image\/jpeg"}],"twitter_card":"summary_large_image","twitter_misc":{"Ansl. lesetid":"4 minutter"},"schema":{"@context":"https:\/\/schema.org","@graph":[{"@type":"WebPage","@id":"https:\/\/blaakors.no\/krisesenteret\/om-oss\/","url":"https:\/\/blaakors.no\/krisesenteret\/om-oss\/","name":"Om oss - Krise- og incestsenter","isPartOf":{"@id":"https:\/\/blaakors.no\/krisesenteret\/#website"},"primaryImageOfPage":{"@id":"https:\/\/blaakors.no\/krisesenteret\/om-oss\/#primaryimage"},"image":{"@id":"https:\/\/blaakors.no\/krisesenteret\/om-oss\/#primaryimage"},"thumbnailUrl":"https:\/\/blaakors.no\/krisesenteret\/wp-content\/uploads\/sites\/5\/2024\/10\/Servise_Stotvig_Web-3.jpg","datePublished":"2024-08-26T12:32:58+00:00","dateModified":"2025-05-09T08:43:53+00:00","breadcrumb":{"@id":"https:\/\/blaakors.no\/krisesenteret\/om-oss\/#breadcrumb"},"inLanguage":"nb-NO","potentialAction":[{"@type":"ReadAction","target":["https:\/\/blaakors.no\/krisesenteret\/om-oss\/"]}]},{"@type":"ImageObject","inLanguage":"nb-NO","@id":"https:\/\/blaakors.no\/krisesenteret\/om-oss\/#primaryimage","url":"https:\/\/blaakors.no\/krisesenteret\/wp-content\/uploads\/sites\/5\/2024\/10\/Servise_Stotvig_Web-3.jpg","contentUrl":"https:\/\/blaakors.no\/krisesenteret\/wp-content\/uploads\/sites\/5\/2024\/10\/Servise_Stotvig_Web-3.jpg","width":1731,"height":1154},{"@type":"BreadcrumbList","@id":"https:\/\/blaakors.no\/krisesenteret\/om-oss\/#breadcrumb","itemListElement":[{"@type":"ListItem","position":1,"name":"Hjem","item":"https:\/\/blaakors.no\/krisesenteret\/"},{"@type":"ListItem","position":2,"name":"Om oss"}]},{"@type":"WebSite","@id":"https:\/\/blaakors.no\/krisesenteret\/#website","url":"https:\/\/blaakors.no\/krisesenteret\/","name":"Krise- og incestsenter","description":"I sentrum st\u00e5r et menneske","publisher":{"@id":"https:\/\/blaakors.no\/krisesenteret\/#organization"},"potentialAction":[{"@type":"SearchAction","target":{"@type":"EntryPoint","urlTemplate":"https:\/\/blaakors.no\/krisesenteret\/?s={search_term_string}"},"query-input":{"@type":"PropertyValueSpecification","valueRequired":true,"valueName":"search_term_string"}}],"inLanguage":"nb-NO"},{"@type":"Organization","@id":"https:\/\/blaakors.no\/krisesenteret\/#organization","name":"Krise- og incestsenter","url":"https:\/\/blaakors.no\/krisesenteret\/","logo":{"@type":"ImageObject","inLanguage":"nb-NO","@id":"https:\/\/blaakors.no\/krisesenteret\/#\/schema\/logo\/image\/","url":"https:\/\/blaakors.no\/krisesenteret\/wp-content\/uploads\/sites\/5\/2024\/10\/Bla-kors-logo-fredrikstad.svg","contentUrl":"https:\/\/blaakors.no\/krisesenteret\/wp-content\/uploads\/sites\/5\/2024\/10\/Bla-kors-logo-fredrikstad.svg","caption":"Krise- og incestsenter"},"image":{"@id":"https:\/\/blaakors.no\/krisesenteret\/#\/schema\/logo\/image\/"}}]}},"_links":{"self":[{"href":"https:\/\/blaakors.no\/krisesenteret\/wp-json\/wp\/v2\/pages\/14","targetHints":{"allow":["GET"]}}],"collection":[{"href":"https:\/\/blaakors.no\/krisesenteret\/wp-json\/wp\/v2\/pages"}],"about":[{"href":"https:\/\/blaakors.no\/krisesenteret\/wp-json\/wp\/v2\/types\/page"}],"author":[{"embeddable":true,"href":"https:\/\/blaakors.no\/krisesenteret\/wp-json\/wp\/v2\/users\/1"}],"replies":[{"embeddable":true,"href":"https:\/\/blaakors.no\/krisesenteret\/wp-json\/wp\/v2\/comments?post=14"}],"version-history":[{"count":47,"href":"https:\/\/blaakors.no\/krisesenteret\/wp-json\/wp\/v2\/pages\/14\/revisions"}],"predecessor-version":[{"id":581,"href":"https:\/\/blaakors.no\/krisesenteret\/wp-json\/wp\/v2\/pages\/14\/revisions\/581"}],"wp:attachment":[{"href":"https:\/\/blaakors.no\/krisesenteret\/wp-json\/wp\/v2\/media?parent=14"}],"curies":[{"name":"wp","href":"https:\/\/api.w.org\/{rel}","templated":true}]}}